{"id":738,"date":"2025-02-20T08:12:22","date_gmt":"2025-02-20T07:12:22","guid":{"rendered":"https:\/\/mergelrijk.nl\/?page_id=738"},"modified":"2025-09-11T11:55:26","modified_gmt":"2025-09-11T09:55:26","slug":"magara-zi%cc%87yareti%cc%87","status":"publish","type":"page","link":"https:\/\/mergelrijk.nl\/tr\/grotbezoek\/","title":{"rendered":"Sesli tur"},"content":{"rendered":"<div data-elementor-type=\"wp-page\" data-elementor-id=\"738\" class=\"elementor elementor-738\" data-elementor-post-type=\"page\">\n\t\t\t\t<div class=\"elementor-element elementor-element-3fdc0dcd e-flex e-con-boxed e-con e-parent\" data-id=\"3fdc0dcd\" data-element_type=\"container\" data-e-type=\"container\" data-settings=\"{&quot;background_background&quot;:&quot;classic&quot;,&quot;jet_parallax_layout_list&quot;:[]}\">\n\t\t\t\t\t<div class=\"e-con-inner\">\n\t\t<div class=\"elementor-element elementor-element-633334b9 e-con-full e-flex e-con e-child\" data-id=\"633334b9\" data-element_type=\"container\" data-e-type=\"container\" data-settings=\"{&quot;jet_parallax_layout_list&quot;:[]}\">\n\t\t\t\t<div class=\"elementor-element elementor-element-15c4d0d2 elementor-invisible elementor-widget elementor-widget-heading\" data-id=\"15c4d0d2\" data-element_type=\"widget\" data-e-type=\"widget\" data-settings=\"{&quot;_animation&quot;:&quot;fadeInUp&quot;}\" data-widget_type=\"heading.default\">\n\t\t\t\t<div class=\"elementor-widget-container\">\n\t\t\t\t\t<h1 class=\"elementor-heading-title elementor-size-default\">Sesli tur<\/h1>\t\t\t\t<\/div>\n\t\t\t\t<\/div>\n\t\t\t\t<div class=\"elementor-element elementor-element-59706752 animated-slow elementor-invisible elementor-widget elementor-widget-heading\" data-id=\"59706752\" data-element_type=\"widget\" data-e-type=\"widget\" data-settings=\"{&quot;_animation&quot;:&quot;fadeInUp&quot;,&quot;_animation_delay&quot;:200}\" data-widget_type=\"heading.default\">\n\t\t\t\t<div class=\"elementor-widget-container\">\n\t\t\t\t\t<h4 class=\"elementor-heading-title elementor-size-default\">Yeti\u015fkinler i\u00e7in sesli tur ve \u00e7ocuklar i\u00e7in hazine av\u0131 ile marn ma\u011faralar\u0131n\u0131n en e\u011flenceli turu<\/h4>\t\t\t\t<\/div>\n\t\t\t\t<\/div>\n\t\t\t\t<\/div>\n\t\t\t\t\t<\/div>\n\t\t\t\t<\/div>\n\t\t<div class=\"elementor-element elementor-element-6e8dc5e6 e-flex e-con-boxed e-con e-parent\" data-id=\"6e8dc5e6\" data-element_type=\"container\" data-e-type=\"container\" data-settings=\"{&quot;jet_parallax_layout_list&quot;:[]}\">\n\t\t\t\t\t<div class=\"e-con-inner\">\n\t\t<div class=\"elementor-element elementor-element-3ff14f00 e-con-full e-flex e-con e-child\" data-id=\"3ff14f00\" data-element_type=\"container\" data-e-type=\"container\" data-settings=\"{&quot;animation&quot;:&quot;none&quot;,&quot;jet_parallax_layout_list&quot;:[]}\">\n\t\t<div class=\"elementor-element elementor-element-8748eb8 e-con-full e-flex e-con e-child\" data-id=\"8748eb8\" data-element_type=\"container\" data-e-type=\"container\" data-settings=\"{&quot;background_background&quot;:&quot;classic&quot;,&quot;animation&quot;:&quot;none&quot;,&quot;jet_parallax_layout_list&quot;:[]}\">\n\t\t\t\t<div class=\"elementor-element elementor-element-d485ba8 elementor-widget elementor-widget-image\" data-id=\"d485ba8\" data-element_type=\"widget\" data-e-type=\"widget\" data-settings=\"{&quot;_animation&quot;:&quot;none&quot;}\" data-widget_type=\"image.default\">\n\t\t\t\t<div class=\"elementor-widget-container\">\n\t\t\t\t\t\t\t\t\t\t\t\t\t\t\t<img fetchpriority=\"high\" decoding=\"async\" width=\"1200\" height=\"800\" src=\"https:\/\/mergelrijk.nl\/wp-content\/uploads\/2025\/02\/grotbezoek-1.jpg\" class=\"attachment-full size-full wp-image-321\" alt=\"Marn ma\u011faralar\u0131 Limburg | MergelRijk Valkenburg\" srcset=\"https:\/\/mergelrijk.nl\/wp-content\/uploads\/2025\/02\/grotbezoek-1.jpg 1200w, https:\/\/mergelrijk.nl\/wp-content\/uploads\/2025\/02\/grotbezoek-1-300x200.jpg 300w, https:\/\/mergelrijk.nl\/wp-content\/uploads\/2025\/02\/grotbezoek-1-1024x683.jpg 1024w, https:\/\/mergelrijk.nl\/wp-content\/uploads\/2025\/02\/grotbezoek-1-768x512.jpg 768w\" sizes=\"(max-width: 1200px) 100vw, 1200px\" title=\"\">\t\t\t\t\t\t\t\t\t\t\t\t\t\t\t<\/div>\n\t\t\t\t<\/div>\n\t\t\t\t<\/div>\n\t\t\t\t<\/div>\n\t\t<div class=\"elementor-element elementor-element-3ae9d4da e-con-full e-flex e-con e-child\" data-id=\"3ae9d4da\" data-element_type=\"container\" data-e-type=\"container\" data-settings=\"{&quot;animation&quot;:&quot;none&quot;,&quot;jet_parallax_layout_list&quot;:[]}\">\n\t\t\t\t<div class=\"elementor-element elementor-element-51d16082 elementor-widget elementor-widget-heading\" data-id=\"51d16082\" data-element_type=\"widget\" data-e-type=\"widget\" data-widget_type=\"heading.default\">\n\t\t\t\t<div class=\"elementor-widget-container\">\n\t\t\t\t\t<h2 class=\"elementor-heading-title elementor-size-default\">Sesli tur ile ma\u011fara y\u00fcr\u00fcy\u00fc\u015f\u00fc<\/h2>\t\t\t\t<\/div>\n\t\t\t\t<\/div>\n\t\t\t\t<div class=\"elementor-element elementor-element-e618b2e elementor-widget elementor-widget-text-editor\" data-id=\"e618b2e\" data-element_type=\"widget\" data-e-type=\"widget\" data-widget_type=\"text-editor.default\">\n\t\t\t\t<div class=\"elementor-widget-container\">\n\t\t\t\t\t\t\t\t\t<p>Herkes, deneyimli bir rehberin sizi ma\u011faradaki rotan\u0131za g\u00f6t\u00fcrece\u011fi kendi sesli turunu al\u0131r. Rehber size yol boyunca her t\u00fcrl\u00fc bilgiyi e\u011flenceli bir \u015fekilde verecek ve ma\u011fara sistemi boyunca size rehberlik edecektir. Sesli tur 9 dilde mevcuttur: Hollandaca, Almanca, \u0130ngilizce, Frans\u0131zca, \u0130spanyolca, \u0130talyanca, Ukraynaca, Leh\u00e7e ve Mandarin.<\/p><p>MergelRijk'i ziyaret etmek bir sonraki seviye ma\u011fara ziyaretidir. Jeolojik bir sanat eserinin i\u00e7inde y\u00fcr\u00fcmek gibidir. Ma\u011faran\u0131n b\u00fcy\u00fcl\u00fc bir atmosferi vard\u0131r ve insanlar\u0131n minnettarl\u0131kla kulland\u0131\u011f\u0131 d\u00fcnyan\u0131n do\u011fal harikalar\u0131na dair e\u015fsiz bir bak\u0131\u015f a\u00e7\u0131s\u0131 sunar.<\/p><p>Ma\u011faray\u0131 kendi ba\u015f\u0131n\u0131za ve kendi h\u0131z\u0131n\u0131zda ke\u015ffetmenin yan\u0131 s\u0131ra marn ma\u011faralar\u0131n\u0131n tarihi ve marn kullan\u0131m\u0131 hakk\u0131nda daha fazla bilgi edinebilece\u011finiz interaktif bir deneyimdir.<\/p><p>Sesli tur s\u0131ras\u0131nda ele al\u0131nan ana konulardan baz\u0131lar\u0131 \u015funlard\u0131r:<\/p>\t\t\t\t\t\t\t\t<\/div>\n\t\t\t\t<\/div>\n\t\t\t\t<\/div>\n\t\t\t\t\t<\/div>\n\t\t\t\t<\/div>\n\t\t<div class=\"elementor-element elementor-element-3f4e5000 e-flex e-con-boxed e-con e-parent\" data-id=\"3f4e5000\" data-element_type=\"container\" data-e-type=\"container\" data-settings=\"{&quot;background_background&quot;:&quot;classic&quot;,&quot;jet_parallax_layout_list&quot;:[]}\">\n\t\t\t\t\t<div class=\"e-con-inner\">\n\t\t<div class=\"elementor-element elementor-element-efc9c0d e-con-full e-flex e-con e-child\" data-id=\"efc9c0d\" data-element_type=\"container\" data-e-type=\"container\" data-settings=\"{&quot;animation&quot;:&quot;none&quot;,&quot;jet_parallax_layout_list&quot;:[]}\">\n\t\t<div class=\"elementor-element elementor-element-0daa105 e-con-full e-flex e-con e-child\" data-id=\"0daa105\" data-element_type=\"container\" data-e-type=\"container\" data-settings=\"{&quot;background_background&quot;:&quot;classic&quot;,&quot;animation&quot;:&quot;none&quot;,&quot;jet_parallax_layout_list&quot;:[]}\">\n\t\t\t\t<div class=\"elementor-element elementor-element-7b4a2b3 elementor-widget elementor-widget-image\" data-id=\"7b4a2b3\" data-element_type=\"widget\" data-e-type=\"widget\" data-widget_type=\"image.default\">\n\t\t\t\t<div class=\"elementor-widget-container\">\n\t\t\t\t\t\t\t\t\t\t\t\t\t\t\t<img decoding=\"async\" width=\"1200\" height=\"800\" src=\"https:\/\/mergelrijk.nl\/wp-content\/uploads\/2025\/02\/xWebsite-Intro-door-de-zandtovenaar.jpg\" class=\"attachment-full size-full wp-image-745\" alt=\"Marn ma\u011faralar\u0131 Limburg | MergelRijk Valkenburg\" srcset=\"https:\/\/mergelrijk.nl\/wp-content\/uploads\/2025\/02\/xWebsite-Intro-door-de-zandtovenaar.jpg 1200w, https:\/\/mergelrijk.nl\/wp-content\/uploads\/2025\/02\/xWebsite-Intro-door-de-zandtovenaar-300x200.jpg 300w, https:\/\/mergelrijk.nl\/wp-content\/uploads\/2025\/02\/xWebsite-Intro-door-de-zandtovenaar-1024x683.jpg 1024w, https:\/\/mergelrijk.nl\/wp-content\/uploads\/2025\/02\/xWebsite-Intro-door-de-zandtovenaar-768x512.jpg 768w, https:\/\/mergelrijk.nl\/wp-content\/uploads\/2025\/02\/xWebsite-Intro-door-de-zandtovenaar-18x12.jpg 18w\" sizes=\"(max-width: 1200px) 100vw, 1200px\" title=\"\">\t\t\t\t\t\t\t\t\t\t\t\t\t\t\t<\/div>\n\t\t\t\t<\/div>\n\t\t\t\t<\/div>\n\t\t\t\t<\/div>\n\t\t<div class=\"elementor-element elementor-element-54b420b e-con-full e-flex e-con e-child\" data-id=\"54b420b\" data-element_type=\"container\" data-e-type=\"container\" data-settings=\"{&quot;animation&quot;:&quot;none&quot;,&quot;jet_parallax_layout_list&quot;:[]}\">\n\t\t\t\t<div class=\"elementor-element elementor-element-675fdef elementor-widget elementor-widget-heading\" data-id=\"675fdef\" data-element_type=\"widget\" data-e-type=\"widget\" data-widget_type=\"heading.default\">\n\t\t\t\t<div class=\"elementor-widget-container\">\n\t\t\t\t\t<h2 class=\"elementor-heading-title elementor-size-default\">Kum B\u00fcy\u00fcc\u00fcs\u00fc taraf\u0131ndan giri\u015f<\/h2>\t\t\t\t<\/div>\n\t\t\t\t<\/div>\n\t\t\t\t<div class=\"elementor-element elementor-element-3ecb801 elementor-widget elementor-widget-text-editor\" data-id=\"3ecb801\" data-element_type=\"widget\" data-e-type=\"widget\" data-widget_type=\"text-editor.default\">\n\t\t\t\t<div class=\"elementor-widget-container\">\n\t\t\t\t\t\t\t\t\t<p>MergelRijk'in yarat\u0131c\u0131s\u0131 ve kurucusu sizi \u015fahsen kar\u015f\u0131lad\u0131ktan sonra, her ziyaret Kum Sihirbaz\u0131 taraf\u0131ndan olu\u015fturulan \u00f6zel bir film g\u00f6sterimiyle ba\u015flar. Efteling ve TV'den tan\u0131nan bu sanat\u00e7\u0131, kum \u00e7izimlerinden olu\u015fan e\u015fsiz sanat formuyla tan\u0131nmaktad\u0131r. Bu hem sanatsal hem de e\u011fitici bir g\u00f6rsel deneyimdir.<\/p><p>Kum Sihirbaz\u0131, marn ma\u011faralar\u0131n\u0131n olu\u015fum hikayesini ustal\u0131kla anlatmak i\u00e7in \u00e7ok ince marn kumu kullanm\u0131\u015ft\u0131r. B\u00f6ylece \u00e7izimler ve heykeller, MergelRijk'ten gelen marnla yenilik\u00e7i bir \u015fekilde ili\u015fkilendirilmi\u015ftir.<\/p>\t\t\t\t\t\t\t\t<\/div>\n\t\t\t\t<\/div>\n\t\t\t\t<\/div>\n\t\t\t\t\t<\/div>\n\t\t\t\t<\/div>\n\t\t<div class=\"elementor-element elementor-element-2446305 e-flex e-con-boxed e-con e-parent\" data-id=\"2446305\" data-element_type=\"container\" data-e-type=\"container\" data-settings=\"{&quot;jet_parallax_layout_list&quot;:[]}\">\n\t\t\t\t\t<div class=\"e-con-inner\">\n\t\t<div class=\"elementor-element elementor-element-36baa74 e-con-full e-flex e-con e-child\" data-id=\"36baa74\" data-element_type=\"container\" data-e-type=\"container\" data-settings=\"{&quot;animation&quot;:&quot;none&quot;,&quot;jet_parallax_layout_list&quot;:[]}\">\n\t\t<div class=\"elementor-element elementor-element-ec8071f e-con-full e-flex e-con e-child\" data-id=\"ec8071f\" data-element_type=\"container\" data-e-type=\"container\" data-settings=\"{&quot;background_background&quot;:&quot;classic&quot;,&quot;animation&quot;:&quot;none&quot;,&quot;jet_parallax_layout_list&quot;:[]}\">\n\t\t\t\t<div class=\"elementor-element elementor-element-8e8304a elementor-widget elementor-widget-image\" data-id=\"8e8304a\" data-element_type=\"widget\" data-e-type=\"widget\" data-widget_type=\"image.default\">\n\t\t\t\t<div class=\"elementor-widget-container\">\n\t\t\t\t\t\t\t\t\t\t\t\t\t\t\t<img decoding=\"async\" width=\"1200\" height=\"800\" src=\"https:\/\/mergelrijk.nl\/wp-content\/uploads\/2025\/02\/xWebsite-Mosaquarium-65-miljoen-jaar-geleden.jpg\" class=\"attachment-full size-full wp-image-746\" alt=\"Marn ma\u011faralar\u0131 Limburg | MergelRijk Valkenburg\" srcset=\"https:\/\/mergelrijk.nl\/wp-content\/uploads\/2025\/02\/xWebsite-Mosaquarium-65-miljoen-jaar-geleden.jpg 1200w, https:\/\/mergelrijk.nl\/wp-content\/uploads\/2025\/02\/xWebsite-Mosaquarium-65-miljoen-jaar-geleden-300x200.jpg 300w, https:\/\/mergelrijk.nl\/wp-content\/uploads\/2025\/02\/xWebsite-Mosaquarium-65-miljoen-jaar-geleden-1024x683.jpg 1024w, https:\/\/mergelrijk.nl\/wp-content\/uploads\/2025\/02\/xWebsite-Mosaquarium-65-miljoen-jaar-geleden-768x512.jpg 768w, https:\/\/mergelrijk.nl\/wp-content\/uploads\/2025\/02\/xWebsite-Mosaquarium-65-miljoen-jaar-geleden-18x12.jpg 18w\" sizes=\"(max-width: 1200px) 100vw, 1200px\" title=\"\">\t\t\t\t\t\t\t\t\t\t\t\t\t\t\t<\/div>\n\t\t\t\t<\/div>\n\t\t\t\t<\/div>\n\t\t\t\t<\/div>\n\t\t<div class=\"elementor-element elementor-element-b55169a e-con-full e-flex e-con e-child\" data-id=\"b55169a\" data-element_type=\"container\" data-e-type=\"container\" data-settings=\"{&quot;animation&quot;:&quot;none&quot;,&quot;jet_parallax_layout_list&quot;:[]}\">\n\t\t\t\t<div class=\"elementor-element elementor-element-c290bff elementor-widget elementor-widget-heading\" data-id=\"c290bff\" data-element_type=\"widget\" data-e-type=\"widget\" data-widget_type=\"heading.default\">\n\t\t\t\t<div class=\"elementor-widget-container\">\n\t\t\t\t\t<h2 class=\"elementor-heading-title elementor-size-default\">Mosaquarium: 75 milyon y\u0131l \u00f6nce<\/h2>\t\t\t\t<\/div>\n\t\t\t\t<\/div>\n\t\t\t\t<div class=\"elementor-element elementor-element-b4bcfb8 elementor-widget elementor-widget-text-editor\" data-id=\"b4bcfb8\" data-element_type=\"widget\" data-e-type=\"widget\" data-widget_type=\"text-editor.default\">\n\t\t\t\t<div class=\"elementor-widget-container\">\n\t\t\t\t\t\t\t\t\t<p>Yakla\u015f\u0131k 75 milyon y\u0131l \u00f6nce, bug\u00fcn Hollanda ve Avrupa'n\u0131n bir par\u00e7as\u0131 olan b\u00f6lgede bir deniz vard\u0131. Bu, Kretase d\u00f6nemindeydi (daha \u00e7ok dinozorlar\u0131n zaman\u0131 olarak bilinir). O zamanlar D\u00fcnya'n\u0131n co\u011frafyas\u0131 bug\u00fcnk\u00fcnden \u00e7ok farkl\u0131yd\u0131. Bug\u00fcnk\u00fc kara k\u00fctleleri yerine denizler ve okyanuslar vard\u0131. Bu deniz, daha sonra G\u00fcney Limburg ma\u011faralar\u0131nda bulunabilecek olan marn\u0131n olu\u015fumuna katk\u0131da bulundu! Ammonitler, deniz kestaneleri ve Mosasaurlar gibi deniz hayvanlar\u0131n\u0131n iskeletlerinin birikmesi, sonunda marn ve kire\u00e7ta\u015f\u0131n\u0131n olu\u015fmas\u0131na yol a\u00e7t\u0131.<\/p><p>Mosaquarium'da, milyonlarca y\u0131l \u00f6nce deniz yata\u011f\u0131 olan bir toprak tabakas\u0131nda geziniyor ve milyonlarca y\u0131l \u00f6nce buran\u0131n nas\u0131l g\u00f6r\u00fcnd\u00fc\u011f\u00fcne dair bir fikir ediniyorsunuz. \u00d6rne\u011fin metrelerce uzunluktaki Mosasaurus'u y\u00fczerken g\u00f6rebilirsiniz.<\/p>\t\t\t\t\t\t\t\t<\/div>\n\t\t\t\t<\/div>\n\t\t\t\t<\/div>\n\t\t\t\t\t<\/div>\n\t\t\t\t<\/div>\n\t\t<div class=\"elementor-element elementor-element-52c8f7f e-flex e-con-boxed e-con e-parent\" data-id=\"52c8f7f\" data-element_type=\"container\" data-e-type=\"container\" data-settings=\"{&quot;background_background&quot;:&quot;classic&quot;,&quot;jet_parallax_layout_list&quot;:[]}\">\n\t\t\t\t\t<div class=\"e-con-inner\">\n\t\t<div class=\"elementor-element elementor-element-1ce8b5f e-con-full e-flex e-con e-child\" data-id=\"1ce8b5f\" data-element_type=\"container\" data-e-type=\"container\" data-settings=\"{&quot;animation&quot;:&quot;none&quot;,&quot;jet_parallax_layout_list&quot;:[]}\">\n\t\t<div class=\"elementor-element elementor-element-78bcce6 e-con-full e-flex e-con e-child\" data-id=\"78bcce6\" data-element_type=\"container\" data-e-type=\"container\" data-settings=\"{&quot;background_background&quot;:&quot;classic&quot;,&quot;animation&quot;:&quot;none&quot;,&quot;jet_parallax_layout_list&quot;:[]}\">\n\t\t\t\t<div class=\"elementor-element elementor-element-e672c10 elementor-widget elementor-widget-image\" data-id=\"e672c10\" data-element_type=\"widget\" data-e-type=\"widget\" data-widget_type=\"image.default\">\n\t\t\t\t<div class=\"elementor-widget-container\">\n\t\t\t\t\t\t\t\t\t\t\t\t\t\t\t<img loading=\"lazy\" decoding=\"async\" width=\"1200\" height=\"800\" src=\"https:\/\/mergelrijk.nl\/wp-content\/uploads\/2025\/02\/xWebsite-Blokbrekers.jpg\" class=\"attachment-full size-full wp-image-747\" alt=\"Marn ma\u011faralar\u0131 Limburg | MergelRijk Valkenburg\" srcset=\"https:\/\/mergelrijk.nl\/wp-content\/uploads\/2025\/02\/xWebsite-Blokbrekers.jpg 1200w, https:\/\/mergelrijk.nl\/wp-content\/uploads\/2025\/02\/xWebsite-Blokbrekers-300x200.jpg 300w, https:\/\/mergelrijk.nl\/wp-content\/uploads\/2025\/02\/xWebsite-Blokbrekers-1024x683.jpg 1024w, https:\/\/mergelrijk.nl\/wp-content\/uploads\/2025\/02\/xWebsite-Blokbrekers-768x512.jpg 768w, https:\/\/mergelrijk.nl\/wp-content\/uploads\/2025\/02\/xWebsite-Blokbrekers-18x12.jpg 18w\" sizes=\"(max-width: 1200px) 100vw, 1200px\" title=\"\">\t\t\t\t\t\t\t\t\t\t\t\t\t\t\t<\/div>\n\t\t\t\t<\/div>\n\t\t\t\t<\/div>\n\t\t\t\t<\/div>\n\t\t<div class=\"elementor-element elementor-element-87b3f63 e-con-full e-flex e-con e-child\" data-id=\"87b3f63\" data-element_type=\"container\" data-e-type=\"container\" data-settings=\"{&quot;animation&quot;:&quot;none&quot;,&quot;jet_parallax_layout_list&quot;:[]}\">\n\t\t\t\t<div class=\"elementor-element elementor-element-534eba6 elementor-widget elementor-widget-heading\" data-id=\"534eba6\" data-element_type=\"widget\" data-e-type=\"widget\" data-widget_type=\"heading.default\">\n\t\t\t\t<div class=\"elementor-widget-container\">\n\t\t\t\t\t<h2 class=\"elementor-heading-title elementor-size-default\">Blok k\u0131rma<\/h2>\t\t\t\t<\/div>\n\t\t\t\t<\/div>\n\t\t\t\t<div class=\"elementor-element elementor-element-1310b58 elementor-widget elementor-widget-text-editor\" data-id=\"1310b58\" data-element_type=\"widget\" data-e-type=\"widget\" data-widget_type=\"text-editor.default\">\n\t\t\t\t<div class=\"elementor-widget-container\">\n\t\t\t\t\t\t\t\t\t<p>Marn\u0131n k\u00f6keni hakk\u0131nda her \u015feyi \u00f6\u011frendikten sonra, s\u0131ra koridor sistemlerinin veya Limburg marn ma\u011faralar\u0131n\u0131n nas\u0131l olu\u015ftu\u011funu ke\u015ffetmeye geldi.<\/p><p>Blok k\u0131rma, b\u00fcy\u00fck marn ta\u015f\u0131 bloklar\u0131n\u0131n topraktan \u00e7\u0131kar\u0131ld\u0131\u011f\u0131 bir madencilik tekni\u011fidir. Bloklar testereler ve keskiler kullan\u0131larak k\u0131r\u0131l\u0131r. Blok k\u0131rma ad\u0131 da buradan gelmektedir. MergelRijk'te, k\u0131\u015f aylar\u0131nda ma\u011farada blok k\u0131r\u0131c\u0131 olarak \u00e7al\u0131\u015fan bir\u00e7ok \u00e7ift\u00e7iden birinin g\u00fczel, ger\u00e7e\u011fe yak\u0131n kum heykelini g\u00f6rebilirsiniz.<\/p>\t\t\t\t\t\t\t\t<\/div>\n\t\t\t\t<\/div>\n\t\t\t\t<\/div>\n\t\t\t\t\t<\/div>\n\t\t\t\t<\/div>\n\t\t<div class=\"elementor-element elementor-element-e9cf918 e-flex e-con-boxed e-con e-parent\" data-id=\"e9cf918\" data-element_type=\"container\" data-e-type=\"container\" data-settings=\"{&quot;jet_parallax_layout_list&quot;:[]}\">\n\t\t\t\t\t<div class=\"e-con-inner\">\n\t\t<div class=\"elementor-element elementor-element-db4ab21 e-con-full e-flex e-con e-child\" data-id=\"db4ab21\" data-element_type=\"container\" data-e-type=\"container\" data-settings=\"{&quot;animation&quot;:&quot;none&quot;,&quot;jet_parallax_layout_list&quot;:[]}\">\n\t\t<div class=\"elementor-element elementor-element-d6f51bc e-con-full e-flex e-con e-child\" data-id=\"d6f51bc\" data-element_type=\"container\" data-e-type=\"container\" data-settings=\"{&quot;background_background&quot;:&quot;classic&quot;,&quot;animation&quot;:&quot;none&quot;,&quot;jet_parallax_layout_list&quot;:[]}\">\n\t\t\t\t<div class=\"elementor-element elementor-element-9342d55 elementor-widget elementor-widget-image\" data-id=\"9342d55\" data-element_type=\"widget\" data-e-type=\"widget\" data-widget_type=\"image.default\">\n\t\t\t\t<div class=\"elementor-widget-container\">\n\t\t\t\t\t\t\t\t\t\t\t\t\t\t\t<img loading=\"lazy\" decoding=\"async\" width=\"1200\" height=\"800\" src=\"https:\/\/mergelrijk.nl\/wp-content\/uploads\/2025\/02\/xWebsite-Mergelkunst-en-zandsculpturen.jpg\" class=\"attachment-full size-full wp-image-748\" alt=\"Marn ma\u011faralar\u0131 Limburg | MergelRijk Valkenburg\" srcset=\"https:\/\/mergelrijk.nl\/wp-content\/uploads\/2025\/02\/xWebsite-Mergelkunst-en-zandsculpturen.jpg 1200w, https:\/\/mergelrijk.nl\/wp-content\/uploads\/2025\/02\/xWebsite-Mergelkunst-en-zandsculpturen-300x200.jpg 300w, https:\/\/mergelrijk.nl\/wp-content\/uploads\/2025\/02\/xWebsite-Mergelkunst-en-zandsculpturen-1024x683.jpg 1024w, https:\/\/mergelrijk.nl\/wp-content\/uploads\/2025\/02\/xWebsite-Mergelkunst-en-zandsculpturen-768x512.jpg 768w, https:\/\/mergelrijk.nl\/wp-content\/uploads\/2025\/02\/xWebsite-Mergelkunst-en-zandsculpturen-18x12.jpg 18w\" sizes=\"(max-width: 1200px) 100vw, 1200px\" title=\"\">\t\t\t\t\t\t\t\t\t\t\t\t\t\t\t<\/div>\n\t\t\t\t<\/div>\n\t\t\t\t<\/div>\n\t\t\t\t<\/div>\n\t\t<div class=\"elementor-element elementor-element-5255925 e-con-full e-flex e-con e-child\" data-id=\"5255925\" data-element_type=\"container\" data-e-type=\"container\" data-settings=\"{&quot;animation&quot;:&quot;none&quot;,&quot;jet_parallax_layout_list&quot;:[]}\">\n\t\t\t\t<div class=\"elementor-element elementor-element-491e5b1 elementor-widget elementor-widget-heading\" data-id=\"491e5b1\" data-element_type=\"widget\" data-e-type=\"widget\" data-widget_type=\"heading.default\">\n\t\t\t\t<div class=\"elementor-widget-container\">\n\t\t\t\t\t<h2 class=\"elementor-heading-title elementor-size-default\">Marn sanat\u0131 ve kum heykeller<\/h2>\t\t\t\t<\/div>\n\t\t\t\t<\/div>\n\t\t\t\t<div class=\"elementor-element elementor-element-835dcf3 elementor-widget elementor-widget-text-editor\" data-id=\"835dcf3\" data-element_type=\"widget\" data-e-type=\"widget\" data-widget_type=\"text-editor.default\">\n\t\t\t\t<div class=\"elementor-widget-container\">\n\t\t\t\t\t\t\t\t\t<p>Marn sanat\u0131 ve kum heykeller, MergelRijk'te hayranl\u0131kla izleyebilece\u011finiz b\u00fcy\u00fcleyici sanat formlar\u0131d\u0131r. Heykeller ve duvar resimleri, yumu\u015fak ta\u015f\u0131 oymak ve tarihi fig\u00fcrlerden soyut sanata kadar \u00e7e\u015fitli sanat eserleri yaratmak i\u00e7in yeteneklerini kullanan zanaatkarlar ve sanat\u00e7\u0131lar taraf\u0131ndan yarat\u0131lm\u0131\u015ft\u0131r.<\/p><p>Sadece sanat eserlerine hayran olmakla kalmay\u0131p ayn\u0131 zamanda farkl\u0131 marn i\u015fleme teknikleri hakk\u0131nda daha fazla bilgi edinebilece\u011finiz interaktif bir deneyimdir. Bu, ma\u011fara y\u00fcr\u00fcy\u00fc\u015f\u00fcn\u00fcze \u015fa\u015f\u0131rt\u0131c\u0131 bir sanatsal unsur katmaktad\u0131r. Sergilenen en b\u00fcy\u00fck sanat eseri olan MergelRijk, Rembrandt van Rijn'in Gece N\u00f6beti tablosunun ger\u00e7ek boyutlu bir heykelidir ve tamamen marn ta\u015f\u0131ndan yap\u0131lm\u0131\u015ft\u0131r.<\/p>\t\t\t\t\t\t\t\t<\/div>\n\t\t\t\t<\/div>\n\t\t\t\t<\/div>\n\t\t\t\t\t<\/div>\n\t\t\t\t<\/div>\n\t\t<div class=\"elementor-element elementor-element-b14535a e-flex e-con-boxed e-con e-parent\" data-id=\"b14535a\" data-element_type=\"container\" data-e-type=\"container\" data-settings=\"{&quot;background_background&quot;:&quot;classic&quot;,&quot;jet_parallax_layout_list&quot;:[]}\">\n\t\t\t\t\t<div class=\"e-con-inner\">\n\t\t<div class=\"elementor-element elementor-element-44bfb37 e-con-full e-flex e-con e-child\" data-id=\"44bfb37\" data-element_type=\"container\" data-e-type=\"container\" data-settings=\"{&quot;animation&quot;:&quot;none&quot;,&quot;jet_parallax_layout_list&quot;:[]}\">\n\t\t<div class=\"elementor-element elementor-element-6e998f3 e-con-full e-flex e-con e-child\" data-id=\"6e998f3\" data-element_type=\"container\" data-e-type=\"container\" data-settings=\"{&quot;background_background&quot;:&quot;classic&quot;,&quot;animation&quot;:&quot;none&quot;,&quot;jet_parallax_layout_list&quot;:[]}\">\n\t\t\t\t<div class=\"elementor-element elementor-element-429ef75 elementor-widget elementor-widget-image\" data-id=\"429ef75\" data-element_type=\"widget\" data-e-type=\"widget\" data-widget_type=\"image.default\">\n\t\t\t\t<div class=\"elementor-widget-container\">\n\t\t\t\t\t\t\t\t\t\t\t\t\t\t\t<img loading=\"lazy\" decoding=\"async\" width=\"1200\" height=\"800\" src=\"https:\/\/mergelrijk.nl\/wp-content\/uploads\/2025\/02\/xWebsite-Architectuur.jpg\" class=\"attachment-full size-full wp-image-749\" alt=\"Marn ma\u011faralar\u0131 Limburg | MergelRijk Valkenburg\" srcset=\"https:\/\/mergelrijk.nl\/wp-content\/uploads\/2025\/02\/xWebsite-Architectuur.jpg 1200w, https:\/\/mergelrijk.nl\/wp-content\/uploads\/2025\/02\/xWebsite-Architectuur-300x200.jpg 300w, https:\/\/mergelrijk.nl\/wp-content\/uploads\/2025\/02\/xWebsite-Architectuur-1024x683.jpg 1024w, https:\/\/mergelrijk.nl\/wp-content\/uploads\/2025\/02\/xWebsite-Architectuur-768x512.jpg 768w, https:\/\/mergelrijk.nl\/wp-content\/uploads\/2025\/02\/xWebsite-Architectuur-18x12.jpg 18w\" sizes=\"(max-width: 1200px) 100vw, 1200px\" title=\"\">\t\t\t\t\t\t\t\t\t\t\t\t\t\t\t<\/div>\n\t\t\t\t<\/div>\n\t\t\t\t<\/div>\n\t\t\t\t<\/div>\n\t\t<div class=\"elementor-element elementor-element-3d9333f e-con-full e-flex e-con e-child\" data-id=\"3d9333f\" data-element_type=\"container\" data-e-type=\"container\" data-settings=\"{&quot;animation&quot;:&quot;none&quot;,&quot;jet_parallax_layout_list&quot;:[]}\">\n\t\t\t\t<div class=\"elementor-element elementor-element-5a8a7c4 elementor-widget elementor-widget-heading\" data-id=\"5a8a7c4\" data-element_type=\"widget\" data-e-type=\"widget\" data-widget_type=\"heading.default\">\n\t\t\t\t<div class=\"elementor-widget-container\">\n\t\t\t\t\t<h2 class=\"elementor-heading-title elementor-size-default\">Mimarl\u0131k<\/h2>\t\t\t\t<\/div>\n\t\t\t\t<\/div>\n\t\t\t\t<div class=\"elementor-element elementor-element-b1af2ba elementor-widget elementor-widget-text-editor\" data-id=\"b1af2ba\" data-element_type=\"widget\" data-e-type=\"widget\" data-widget_type=\"text-editor.default\">\n\t\t\t\t<div class=\"elementor-widget-container\">\n\t\t\t\t\t\t\t\t\tMarn ile mimari, \u00f6zellikle marn\u0131n \u00f6nemli bir yap\u0131 malzemesi oldu\u011fu G\u00fcney Limburg b\u00f6lgesinde geni\u015f kapsaml\u0131 bir konudur. Marn, nispeten yumu\u015fak ve bu nedenle i\u015flenmesi kolay bir kire\u00e7 ta\u015f\u0131d\u0131r ve hem tarihi hem de modern yap\u0131lar\u0131n in\u015fas\u0131 i\u00e7in idealdir. Orta\u00e7a\u011fda ve erken modern zamanlarda marn, Limburg'da ve Hollanda ile Bel\u00e7ika'n\u0131n di\u011fer b\u00f6lgelerinde kilise, kale, sur ve ev yap\u0131m\u0131nda yayg\u0131n olarak kullan\u0131lm\u0131\u015ft\u0131r.\n\nTasar\u0131mlar\u0131nda s\u0131kl\u0131kla marn kullanan tan\u0131nm\u0131\u015f mimarlardan biri Pierre Cuypers'tir. Kendisi MergelRijk'te ger\u00e7ek boyutlu bir kum heykelle canland\u0131r\u0131lm\u0131\u015ft\u0131r.\t\t\t\t\t\t\t\t<\/div>\n\t\t\t\t<\/div>\n\t\t\t\t<\/div>\n\t\t\t\t\t<\/div>\n\t\t\t\t<\/div>\n\t\t<div class=\"elementor-element elementor-element-46083ae e-flex e-con-boxed e-con e-parent\" data-id=\"46083ae\" data-element_type=\"container\" data-e-type=\"container\" data-settings=\"{&quot;jet_parallax_layout_list&quot;:[]}\">\n\t\t\t\t\t<div class=\"e-con-inner\">\n\t\t<div class=\"elementor-element elementor-element-6fe52e1 e-con-full e-flex e-con e-child\" data-id=\"6fe52e1\" data-element_type=\"container\" data-e-type=\"container\" data-settings=\"{&quot;animation&quot;:&quot;none&quot;,&quot;jet_parallax_layout_list&quot;:[]}\">\n\t\t<div class=\"elementor-element elementor-element-b814112 e-con-full e-flex e-con e-child\" data-id=\"b814112\" data-element_type=\"container\" data-e-type=\"container\" data-settings=\"{&quot;background_background&quot;:&quot;classic&quot;,&quot;animation&quot;:&quot;none&quot;,&quot;jet_parallax_layout_list&quot;:[]}\">\n\t\t\t\t<div class=\"elementor-element elementor-element-cf9a6a7 elementor-widget elementor-widget-image\" data-id=\"cf9a6a7\" data-element_type=\"widget\" data-e-type=\"widget\" data-widget_type=\"image.default\">\n\t\t\t\t<div class=\"elementor-widget-container\">\n\t\t\t\t\t\t\t\t\t\t\t\t\t\t\t<img loading=\"lazy\" decoding=\"async\" width=\"1200\" height=\"800\" src=\"https:\/\/mergelrijk.nl\/wp-content\/uploads\/2025\/02\/xWebsite-Schuilen-in-de-grotten.jpg\" class=\"attachment-full size-full wp-image-750\" alt=\"Marn ma\u011faralar\u0131 Limburg | MergelRijk Valkenburg\" srcset=\"https:\/\/mergelrijk.nl\/wp-content\/uploads\/2025\/02\/xWebsite-Schuilen-in-de-grotten.jpg 1200w, https:\/\/mergelrijk.nl\/wp-content\/uploads\/2025\/02\/xWebsite-Schuilen-in-de-grotten-300x200.jpg 300w, https:\/\/mergelrijk.nl\/wp-content\/uploads\/2025\/02\/xWebsite-Schuilen-in-de-grotten-1024x683.jpg 1024w, https:\/\/mergelrijk.nl\/wp-content\/uploads\/2025\/02\/xWebsite-Schuilen-in-de-grotten-768x512.jpg 768w, https:\/\/mergelrijk.nl\/wp-content\/uploads\/2025\/02\/xWebsite-Schuilen-in-de-grotten-18x12.jpg 18w\" sizes=\"(max-width: 1200px) 100vw, 1200px\" title=\"\">\t\t\t\t\t\t\t\t\t\t\t\t\t\t\t<\/div>\n\t\t\t\t<\/div>\n\t\t\t\t<\/div>\n\t\t\t\t<\/div>\n\t\t<div class=\"elementor-element elementor-element-bbecfa2 e-con-full e-flex e-con e-child\" data-id=\"bbecfa2\" data-element_type=\"container\" data-e-type=\"container\" data-settings=\"{&quot;animation&quot;:&quot;none&quot;,&quot;jet_parallax_layout_list&quot;:[]}\">\n\t\t\t\t<div class=\"elementor-element elementor-element-6c75603 elementor-widget elementor-widget-heading\" data-id=\"6c75603\" data-element_type=\"widget\" data-e-type=\"widget\" data-widget_type=\"heading.default\">\n\t\t\t\t<div class=\"elementor-widget-container\">\n\t\t\t\t\t<h2 class=\"elementor-heading-title elementor-size-default\">Ma\u011faralarda saklanmak<\/h2>\t\t\t\t<\/div>\n\t\t\t\t<\/div>\n\t\t\t\t<div class=\"elementor-element elementor-element-a3b920e elementor-widget elementor-widget-text-editor\" data-id=\"a3b920e\" data-element_type=\"widget\" data-e-type=\"widget\" data-widget_type=\"text-editor.default\">\n\t\t\t\t<div class=\"elementor-widget-container\">\n\t\t\t\t\t\t\t\t\tLimburg'daki marn ma\u011faralar\u0131 farkl\u0131 d\u00f6nemlerde s\u0131\u011f\u0131nak ya da saklanma ma\u011faras\u0131 olarak kullan\u0131lm\u0131\u015ft\u0131r. Bu durum \u00e7o\u011funlukla sava\u015f, \u00e7at\u0131\u015fma ya da g\u00fcvensiz ko\u015fullarda ger\u00e7ekle\u015fmi\u015ftir. \u0130kinci D\u00fcnya Sava\u015f\u0131 s\u0131ras\u0131nda birka\u00e7 aile MergelRijk ma\u011faras\u0131nda, ma\u011faran\u0131n en derin k\u0131sm\u0131nda, \u015fimdi Thomas Diddengroeve dedi\u011fimiz k\u0131s\u0131mda saklan\u0131yordu.\n\nMergelRijk'te, 18. y\u00fczy\u0131l\u0131n sonlar\u0131nda Frans\u0131z i\u015fgali d\u00f6neminde (yasak) kilise kutlamalar\u0131n\u0131n gizlice yap\u0131ld\u0131\u011f\u0131, sunakl\u0131, ger\u00e7ekten g\u00fczel bir gizli \u015fapelin de tad\u0131n\u0131 \u00e7\u0131karabilirsiniz.\t\t\t\t\t\t\t\t<\/div>\n\t\t\t\t<\/div>\n\t\t\t\t<\/div>\n\t\t\t\t\t<\/div>\n\t\t\t\t<\/div>\n\t\t<div class=\"elementor-element elementor-element-225ae97 e-flex e-con-boxed e-con e-parent\" data-id=\"225ae97\" data-element_type=\"container\" data-e-type=\"container\" data-settings=\"{&quot;background_background&quot;:&quot;classic&quot;,&quot;jet_parallax_layout_list&quot;:[]}\">\n\t\t\t\t\t<div class=\"e-con-inner\">\n\t\t<div class=\"elementor-element elementor-element-4310ab9 e-con-full e-flex e-con e-child\" data-id=\"4310ab9\" data-element_type=\"container\" data-e-type=\"container\" data-settings=\"{&quot;animation&quot;:&quot;none&quot;,&quot;jet_parallax_layout_list&quot;:[]}\">\n\t\t<div class=\"elementor-element elementor-element-3a9b4cb e-con-full e-flex e-con e-child\" data-id=\"3a9b4cb\" data-element_type=\"container\" data-e-type=\"container\" data-settings=\"{&quot;background_background&quot;:&quot;classic&quot;,&quot;animation&quot;:&quot;none&quot;,&quot;jet_parallax_layout_list&quot;:[]}\">\n\t\t\t\t<div class=\"elementor-element elementor-element-c2949bb elementor-widget elementor-widget-image\" data-id=\"c2949bb\" data-element_type=\"widget\" data-e-type=\"widget\" data-widget_type=\"image.default\">\n\t\t\t\t<div class=\"elementor-widget-container\">\n\t\t\t\t\t\t\t\t\t\t\t\t\t\t\t<img loading=\"lazy\" decoding=\"async\" width=\"1200\" height=\"800\" src=\"https:\/\/mergelrijk.nl\/wp-content\/uploads\/2025\/02\/xWebstie-Legendes.jpg\" class=\"attachment-full size-full wp-image-751\" alt=\"Marn ma\u011faralar\u0131 Limburg | MergelRijk Valkenburg\" srcset=\"https:\/\/mergelrijk.nl\/wp-content\/uploads\/2025\/02\/xWebstie-Legendes.jpg 1200w, https:\/\/mergelrijk.nl\/wp-content\/uploads\/2025\/02\/xWebstie-Legendes-300x200.jpg 300w, https:\/\/mergelrijk.nl\/wp-content\/uploads\/2025\/02\/xWebstie-Legendes-1024x683.jpg 1024w, https:\/\/mergelrijk.nl\/wp-content\/uploads\/2025\/02\/xWebstie-Legendes-768x512.jpg 768w, https:\/\/mergelrijk.nl\/wp-content\/uploads\/2025\/02\/xWebstie-Legendes-18x12.jpg 18w\" sizes=\"(max-width: 1200px) 100vw, 1200px\" title=\"\">\t\t\t\t\t\t\t\t\t\t\t\t\t\t\t<\/div>\n\t\t\t\t<\/div>\n\t\t\t\t<\/div>\n\t\t\t\t<\/div>\n\t\t<div class=\"elementor-element elementor-element-3096e9a e-con-full e-flex e-con e-child\" data-id=\"3096e9a\" data-element_type=\"container\" data-e-type=\"container\" data-settings=\"{&quot;animation&quot;:&quot;none&quot;,&quot;jet_parallax_layout_list&quot;:[]}\">\n\t\t\t\t<div class=\"elementor-element elementor-element-572fc94 elementor-widget elementor-widget-heading\" data-id=\"572fc94\" data-element_type=\"widget\" data-e-type=\"widget\" data-widget_type=\"heading.default\">\n\t\t\t\t<div class=\"elementor-widget-container\">\n\t\t\t\t\t<h2 class=\"elementor-heading-title elementor-size-default\">Efsaneler<\/h2>\t\t\t\t<\/div>\n\t\t\t\t<\/div>\n\t\t\t\t<div class=\"elementor-element elementor-element-4470704 elementor-widget elementor-widget-text-editor\" data-id=\"4470704\" data-element_type=\"widget\" data-e-type=\"widget\" data-widget_type=\"text-editor.default\">\n\t\t\t\t<div class=\"elementor-widget-container\">\n\t\t\t\t\t\t\t\t\t<p>G\u00fcney Limburg'daki marn ma\u011faralar\u0131n\u0131 \u00e7evreleyen \u00e7e\u015fitli efsaneler ve hikayeler vard\u0131r. Y\u00fczy\u0131llar boyunca marn \u00e7\u0131karmak i\u00e7in oyulmu\u015f olan ma\u011faralar her zaman gizemli bir havaya sahip olmu\u015ftur. Karanl\u0131k ve bazen labirentimsi koridorlar, ma\u011faralar\u0131n eski tarihi ve her t\u00fcrl\u00fc ama\u00e7 i\u00e7in kullan\u0131m\u0131 ile birle\u015fti\u011finde, bir\u00e7ok folklorik masal\u0131n yarat\u0131lmas\u0131na katk\u0131da bulunmu\u015ftur.<br \/><br \/>Ma\u011faralarda ge\u00e7en ve MergelRijk'te tasvir edilen en iyi bilinen iki efsane Bokkerijders ve Auvermennekes efsaneleridir.<\/p>\t\t\t\t\t\t\t\t<\/div>\n\t\t\t\t<\/div>\n\t\t\t\t<\/div>\n\t\t\t\t\t<\/div>\n\t\t\t\t<\/div>\n\t\t<div class=\"elementor-element elementor-element-8b0ba56 e-flex e-con-boxed e-con e-parent\" data-id=\"8b0ba56\" data-element_type=\"container\" data-e-type=\"container\" data-settings=\"{&quot;jet_parallax_layout_list&quot;:[]}\">\n\t\t\t\t\t<div class=\"e-con-inner\">\n\t\t<div class=\"elementor-element elementor-element-beb7ff8 e-con-full e-flex e-con e-child\" data-id=\"beb7ff8\" data-element_type=\"container\" data-e-type=\"container\" data-settings=\"{&quot;animation&quot;:&quot;none&quot;,&quot;jet_parallax_layout_list&quot;:[]}\">\n\t\t<div class=\"elementor-element elementor-element-6ba9d0b e-con-full e-flex e-con e-child\" data-id=\"6ba9d0b\" data-element_type=\"container\" data-e-type=\"container\" data-settings=\"{&quot;background_background&quot;:&quot;classic&quot;,&quot;animation&quot;:&quot;none&quot;,&quot;jet_parallax_layout_list&quot;:[]}\">\n\t\t\t\t<div class=\"elementor-element elementor-element-ce6bc14 elementor-widget elementor-widget-image\" data-id=\"ce6bc14\" data-element_type=\"widget\" data-e-type=\"widget\" data-widget_type=\"image.default\">\n\t\t\t\t<div class=\"elementor-widget-container\">\n\t\t\t\t\t\t\t\t\t\t\t\t\t\t\t<img loading=\"lazy\" decoding=\"async\" width=\"1200\" height=\"800\" src=\"https:\/\/mergelrijk.nl\/wp-content\/uploads\/2025\/02\/xWebsite-DinoRijk.jpg\" class=\"attachment-full size-full wp-image-752\" alt=\"Marn ma\u011faralar\u0131 Limburg | MergelRijk Valkenburg\" srcset=\"https:\/\/mergelrijk.nl\/wp-content\/uploads\/2025\/02\/xWebsite-DinoRijk.jpg 1200w, https:\/\/mergelrijk.nl\/wp-content\/uploads\/2025\/02\/xWebsite-DinoRijk-300x200.jpg 300w, https:\/\/mergelrijk.nl\/wp-content\/uploads\/2025\/02\/xWebsite-DinoRijk-1024x683.jpg 1024w, https:\/\/mergelrijk.nl\/wp-content\/uploads\/2025\/02\/xWebsite-DinoRijk-768x512.jpg 768w, https:\/\/mergelrijk.nl\/wp-content\/uploads\/2025\/02\/xWebsite-DinoRijk-18x12.jpg 18w\" sizes=\"(max-width: 1200px) 100vw, 1200px\" title=\"\">\t\t\t\t\t\t\t\t\t\t\t\t\t\t\t<\/div>\n\t\t\t\t<\/div>\n\t\t\t\t<\/div>\n\t\t\t\t<\/div>\n\t\t<div class=\"elementor-element elementor-element-6bbf594 e-con-full e-flex e-con e-child\" data-id=\"6bbf594\" data-element_type=\"container\" data-e-type=\"container\" data-settings=\"{&quot;animation&quot;:&quot;none&quot;,&quot;jet_parallax_layout_list&quot;:[]}\">\n\t\t\t\t<div class=\"elementor-element elementor-element-cee586d elementor-widget elementor-widget-heading\" data-id=\"cee586d\" data-element_type=\"widget\" data-e-type=\"widget\" data-widget_type=\"heading.default\">\n\t\t\t\t<div class=\"elementor-widget-container\">\n\t\t\t\t\t<h2 class=\"elementor-heading-title elementor-size-default\">DinoRich<\/h2>\t\t\t\t<\/div>\n\t\t\t\t<\/div>\n\t\t\t\t<div class=\"elementor-element elementor-element-6a78a59 elementor-widget elementor-widget-text-editor\" data-id=\"6a78a59\" data-element_type=\"widget\" data-e-type=\"widget\" data-widget_type=\"text-editor.default\">\n\t\t\t\t<div class=\"elementor-widget-container\">\n\t\t\t\t\t\t\t\t\t<p>DinoRijk, MergelRijk'te tamamen tarih \u00f6ncesi ve \u00f6zellikle de dinozorlar d\u00f6nemi etraf\u0131nda d\u00f6nen temal\u0131 bir aland\u0131r. DinoRijk'te, dinozorlar zaman\u0131nda d\u00fcnyadaki ya\u015fam\u0131n nas\u0131l oldu\u011funu kendiniz deneyimleyebilirsiniz. Dinorijk, dinozorlar\u0131n ger\u00e7ek boyutlu modellerini g\u00f6rebilece\u011finiz interaktif bir deneyim sunuyor. Bu modeller bazen hareket edebiliyor ve ses \u00e7\u0131karabiliyor, b\u00f6ylece dinozorlar ger\u00e7ekten canlan\u0131yormu\u015f gibi g\u00f6r\u00fcn\u00fcyor.<\/p><p>\u00c7evre, ger\u00e7ekten dinozorlar \u00e7a\u011f\u0131nda oldu\u011funuzu hissettiren bitkiler, a\u011fa\u00e7lar ve s\u00fcslemelerle temal\u0131d\u0131r. T-Rex'e yakla\u015fmaya cesaretiniz var m\u0131?<\/p>\t\t\t\t\t\t\t\t<\/div>\n\t\t\t\t<\/div>\n\t\t\t\t<\/div>\n\t\t\t\t\t<\/div>\n\t\t\t\t<\/div>\n\t\t<div class=\"elementor-element elementor-element-b0d58b7 e-flex e-con-boxed e-con e-parent\" data-id=\"b0d58b7\" data-element_type=\"container\" data-e-type=\"container\" data-settings=\"{&quot;background_background&quot;:&quot;classic&quot;,&quot;jet_parallax_layout_list&quot;:[]}\">\n\t\t\t\t\t<div class=\"e-con-inner\">\n\t\t<div class=\"elementor-element elementor-element-b224294 e-con-full e-flex e-con e-child\" data-id=\"b224294\" data-element_type=\"container\" data-e-type=\"container\" data-settings=\"{&quot;animation&quot;:&quot;none&quot;,&quot;jet_parallax_layout_list&quot;:[]}\">\n\t\t<div class=\"elementor-element elementor-element-bbc9dd7 e-con-full e-flex e-con e-child\" data-id=\"bbc9dd7\" data-element_type=\"container\" data-e-type=\"container\" data-settings=\"{&quot;background_background&quot;:&quot;classic&quot;,&quot;animation&quot;:&quot;none&quot;,&quot;jet_parallax_layout_list&quot;:[]}\">\n\t\t\t\t<div class=\"elementor-element elementor-element-dd241ad elementor-widget elementor-widget-image\" data-id=\"dd241ad\" data-element_type=\"widget\" data-e-type=\"widget\" data-widget_type=\"image.default\">\n\t\t\t\t<div class=\"elementor-widget-container\">\n\t\t\t\t\t\t\t\t\t\t\t\t\t\t\t<img loading=\"lazy\" decoding=\"async\" width=\"1200\" height=\"800\" src=\"https:\/\/mergelrijk.nl\/wp-content\/uploads\/2025\/02\/xWebsite-Thomas-Diddengroeve.jpg\" class=\"attachment-full size-full wp-image-753\" alt=\"Marn ma\u011faralar\u0131 Limburg | MergelRijk Valkenburg\" srcset=\"https:\/\/mergelrijk.nl\/wp-content\/uploads\/2025\/02\/xWebsite-Thomas-Diddengroeve.jpg 1200w, https:\/\/mergelrijk.nl\/wp-content\/uploads\/2025\/02\/xWebsite-Thomas-Diddengroeve-300x200.jpg 300w, https:\/\/mergelrijk.nl\/wp-content\/uploads\/2025\/02\/xWebsite-Thomas-Diddengroeve-1024x683.jpg 1024w, https:\/\/mergelrijk.nl\/wp-content\/uploads\/2025\/02\/xWebsite-Thomas-Diddengroeve-768x512.jpg 768w, https:\/\/mergelrijk.nl\/wp-content\/uploads\/2025\/02\/xWebsite-Thomas-Diddengroeve-18x12.jpg 18w\" sizes=\"(max-width: 1200px) 100vw, 1200px\" title=\"\">\t\t\t\t\t\t\t\t\t\t\t\t\t\t\t<\/div>\n\t\t\t\t<\/div>\n\t\t\t\t<\/div>\n\t\t\t\t<\/div>\n\t\t<div class=\"elementor-element elementor-element-b61b22c e-con-full e-flex e-con e-child\" data-id=\"b61b22c\" data-element_type=\"container\" data-e-type=\"container\" data-settings=\"{&quot;animation&quot;:&quot;none&quot;,&quot;jet_parallax_layout_list&quot;:[]}\">\n\t\t\t\t<div class=\"elementor-element elementor-element-dbc88f6 elementor-widget elementor-widget-heading\" data-id=\"dbc88f6\" data-element_type=\"widget\" data-e-type=\"widget\" data-widget_type=\"heading.default\">\n\t\t\t\t<div class=\"elementor-widget-container\">\n\t\t\t\t\t<h2 class=\"elementor-heading-title elementor-size-default\">Thomas Diddengroeve<\/h2>\t\t\t\t<\/div>\n\t\t\t\t<\/div>\n\t\t\t\t<div class=\"elementor-element elementor-element-08ff80c elementor-widget elementor-widget-text-editor\" data-id=\"08ff80c\" data-element_type=\"widget\" data-e-type=\"widget\" data-widget_type=\"text-editor.default\">\n\t\t\t\t<div class=\"elementor-widget-container\">\n\t\t\t\t\t\t\t\t\t<p>Ma\u011faran\u0131n bir k\u0131sm\u0131, 1706 y\u0131l\u0131nda ma\u011faraya ad\u0131n\u0131 b\u0131rakan Thomas Didden'in ad\u0131n\u0131 ta\u015f\u0131maktad\u0131r. Thomas Didden ta\u015f oca\u011f\u0131 y\u00fczy\u0131llard\u0131r kapal\u0131d\u0131r ve sadece 2019'dan beri halka a\u00e7\u0131kt\u0131r. Ma\u011faran\u0131n bu en derin b\u00f6l\u00fcm\u00fcn\u00fc bu kadar \u00f6zel k\u0131lan \u015fey, hala tamamen y\u00fczlerce y\u0131l \u00f6nce blok k\u0131r\u0131c\u0131lar\u0131n b\u0131rakt\u0131\u011f\u0131 gibi olmas\u0131d\u0131r. Ayr\u0131ca \u0130kinci D\u00fcnya Sava\u015f\u0131 s\u0131ras\u0131nda baz\u0131 aileler i\u00e7in saklanma yeriydi.<\/p><p>Yerin 25 metre alt\u0131nda, dingin sessizli\u011fi ve \u0131\u015f\u0131ks\u0131zl\u0131\u011f\u0131 deneyimleyecek ve kendinizi eskiden blok k\u0131r\u0131c\u0131lar\u0131n her g\u00fcn hangi ko\u015fullarda \u00e7al\u0131\u015ft\u0131\u011f\u0131n\u0131 veya orada saklanarak kalman\u0131n nas\u0131l bir \u015fey oldu\u011funu hayal edeceksiniz. T\u0131pk\u0131 Thomas Didden'in 1706'da yapt\u0131\u011f\u0131 gibi, siz de ad\u0131n\u0131z\u0131 bu ta\u015f oca\u011f\u0131n\u0131n bir duvar\u0131nda \u00f6l\u00fcms\u00fczle\u015ftirebilirsiniz!<\/p>\t\t\t\t\t\t\t\t<\/div>\n\t\t\t\t<\/div>\n\t\t\t\t<\/div>\n\t\t\t\t\t<\/div>\n\t\t\t\t<\/div>\n\t\t<div class=\"elementor-element elementor-element-3839cbb e-flex e-con-boxed e-con e-parent\" data-id=\"3839cbb\" data-element_type=\"container\" data-e-type=\"container\" data-settings=\"{&quot;jet_parallax_layout_list&quot;:[]}\">\n\t\t\t\t\t<div class=\"e-con-inner\">\n\t\t<div class=\"elementor-element elementor-element-13d42e8 e-con-full e-flex e-con e-child\" data-id=\"13d42e8\" data-element_type=\"container\" data-e-type=\"container\" data-settings=\"{&quot;animation&quot;:&quot;none&quot;,&quot;jet_parallax_layout_list&quot;:[]}\">\n\t\t<div class=\"elementor-element elementor-element-9b32736 e-con-full e-flex e-con e-child\" data-id=\"9b32736\" data-element_type=\"container\" data-e-type=\"container\" data-settings=\"{&quot;background_background&quot;:&quot;classic&quot;,&quot;animation&quot;:&quot;none&quot;,&quot;jet_parallax_layout_list&quot;:[]}\">\n\t\t\t\t<div class=\"elementor-element elementor-element-246058e elementor-widget elementor-widget-image\" data-id=\"246058e\" data-element_type=\"widget\" data-e-type=\"widget\" data-widget_type=\"image.default\">\n\t\t\t\t<div class=\"elementor-widget-container\">\n\t\t\t\t\t\t\t\t\t\t\t\t\t\t\t<img loading=\"lazy\" decoding=\"async\" width=\"1200\" height=\"800\" src=\"https:\/\/mergelrijk.nl\/wp-content\/uploads\/2025\/02\/xWebsite-Champignonteelt.jpg\" class=\"attachment-full size-full wp-image-754\" alt=\"Marn ma\u011faralar\u0131 Limburg | MergelRijk Valkenburg\" srcset=\"https:\/\/mergelrijk.nl\/wp-content\/uploads\/2025\/02\/xWebsite-Champignonteelt.jpg 1200w, https:\/\/mergelrijk.nl\/wp-content\/uploads\/2025\/02\/xWebsite-Champignonteelt-300x200.jpg 300w, https:\/\/mergelrijk.nl\/wp-content\/uploads\/2025\/02\/xWebsite-Champignonteelt-1024x683.jpg 1024w, https:\/\/mergelrijk.nl\/wp-content\/uploads\/2025\/02\/xWebsite-Champignonteelt-768x512.jpg 768w, https:\/\/mergelrijk.nl\/wp-content\/uploads\/2025\/02\/xWebsite-Champignonteelt-18x12.jpg 18w\" sizes=\"(max-width: 1200px) 100vw, 1200px\" title=\"\">\t\t\t\t\t\t\t\t\t\t\t\t\t\t\t<\/div>\n\t\t\t\t<\/div>\n\t\t\t\t<\/div>\n\t\t\t\t<\/div>\n\t\t<div class=\"elementor-element elementor-element-9a3ddae e-con-full e-flex e-con e-child\" data-id=\"9a3ddae\" data-element_type=\"container\" data-e-type=\"container\" data-settings=\"{&quot;animation&quot;:&quot;none&quot;,&quot;jet_parallax_layout_list&quot;:[]}\">\n\t\t\t\t<div class=\"elementor-element elementor-element-d0b4d2d elementor-widget elementor-widget-heading\" data-id=\"d0b4d2d\" data-element_type=\"widget\" data-e-type=\"widget\" data-widget_type=\"heading.default\">\n\t\t\t\t<div class=\"elementor-widget-container\">\n\t\t\t\t\t<h2 class=\"elementor-heading-title elementor-size-default\">Mantar yeti\u015ftiricili\u011fi<\/h2>\t\t\t\t<\/div>\n\t\t\t\t<\/div>\n\t\t\t\t<div class=\"elementor-element elementor-element-4b49840 elementor-widget elementor-widget-text-editor\" data-id=\"4b49840\" data-element_type=\"widget\" data-e-type=\"widget\" data-widget_type=\"text-editor.default\">\n\t\t\t\t<div class=\"elementor-widget-container\">\n\t\t\t\t\t\t\t\t\t<p>Marn ma\u011faralar\u0131nda mantar yeti\u015ftiricili\u011fi Limburg'un tar\u0131msal tarihinin benzersiz bir y\u00f6n\u00fcyd\u00fc. Ma\u011faralar\u0131n sabit s\u0131cakl\u0131k ve nem gibi do\u011fal avantajlar\u0131, bu y\u00f6ntemi \u00f6zellikle 20. y\u00fczy\u0131lda mantar yeti\u015ftirmek i\u00e7in ideal bir yol haline getirmi\u015ftir.<br \/><br \/>Ma\u011faralarda mantar yeti\u015ftiricili\u011fi g\u00fcn\u00fcm\u00fczde daha az yayg\u0131n, ancak MergelRijk'te eskiden nas\u0131l yap\u0131ld\u0131\u011f\u0131n\u0131 hala g\u00f6rebilirsiniz. Bu durum, ma\u011fara mantar\u0131 yeti\u015ftiricili\u011finin geli\u015fti\u011fi 1950'li y\u0131llara ait orijinal bir haber b\u00fclteninin yer ald\u0131\u011f\u0131, kum sanat\u0131ndan yap\u0131lm\u0131\u015f, ger\u00e7e\u011fe yak\u0131n bir ma\u011fara mantar\u0131 yeti\u015ftiricili\u011fi sahnesiyle tasvir edilmi\u015ftir.<\/p>\t\t\t\t\t\t\t\t<\/div>\n\t\t\t\t<\/div>\n\t\t\t\t<\/div>\n\t\t\t\t\t<\/div>\n\t\t\t\t<\/div>\n\t\t<div class=\"elementor-element elementor-element-c7c6dce e-flex e-con-boxed e-con e-parent\" data-id=\"c7c6dce\" data-element_type=\"container\" data-e-type=\"container\" data-settings=\"{&quot;background_background&quot;:&quot;classic&quot;,&quot;jet_parallax_layout_list&quot;:[]}\">\n\t\t\t\t\t<div class=\"e-con-inner\">\n\t\t<div class=\"elementor-element elementor-element-7fe4e88 e-con-full e-flex e-con e-child\" data-id=\"7fe4e88\" data-element_type=\"container\" data-e-type=\"container\" data-settings=\"{&quot;animation&quot;:&quot;none&quot;,&quot;jet_parallax_layout_list&quot;:[]}\">\n\t\t<div class=\"elementor-element elementor-element-438dc3f e-con-full e-flex e-con e-child\" data-id=\"438dc3f\" data-element_type=\"container\" data-e-type=\"container\" data-settings=\"{&quot;background_background&quot;:&quot;classic&quot;,&quot;animation&quot;:&quot;none&quot;,&quot;jet_parallax_layout_list&quot;:[]}\">\n\t\t\t\t<div class=\"elementor-element elementor-element-219e849 elementor-widget elementor-widget-image\" data-id=\"219e849\" data-element_type=\"widget\" data-e-type=\"widget\" data-widget_type=\"image.default\">\n\t\t\t\t<div class=\"elementor-widget-container\">\n\t\t\t\t\t\t\t\t\t\t\t\t\t\t\t<img loading=\"lazy\" decoding=\"async\" width=\"1200\" height=\"800\" src=\"https:\/\/mergelrijk.nl\/wp-content\/uploads\/2025\/02\/xWebsite-Vleermuizen.jpg\" class=\"attachment-full size-full wp-image-755\" alt=\"Marn ma\u011faralar\u0131 Limburg | MergelRijk Valkenburg\" srcset=\"https:\/\/mergelrijk.nl\/wp-content\/uploads\/2025\/02\/xWebsite-Vleermuizen.jpg 1200w, https:\/\/mergelrijk.nl\/wp-content\/uploads\/2025\/02\/xWebsite-Vleermuizen-300x200.jpg 300w, https:\/\/mergelrijk.nl\/wp-content\/uploads\/2025\/02\/xWebsite-Vleermuizen-1024x683.jpg 1024w, https:\/\/mergelrijk.nl\/wp-content\/uploads\/2025\/02\/xWebsite-Vleermuizen-768x512.jpg 768w, https:\/\/mergelrijk.nl\/wp-content\/uploads\/2025\/02\/xWebsite-Vleermuizen-18x12.jpg 18w\" sizes=\"(max-width: 1200px) 100vw, 1200px\" title=\"\">\t\t\t\t\t\t\t\t\t\t\t\t\t\t\t<\/div>\n\t\t\t\t<\/div>\n\t\t\t\t<\/div>\n\t\t\t\t<\/div>\n\t\t<div class=\"elementor-element elementor-element-66c38cd e-con-full e-flex e-con e-child\" data-id=\"66c38cd\" data-element_type=\"container\" data-e-type=\"container\" data-settings=\"{&quot;animation&quot;:&quot;none&quot;,&quot;jet_parallax_layout_list&quot;:[]}\">\n\t\t\t\t<div class=\"elementor-element elementor-element-d6931b2 elementor-widget elementor-widget-heading\" data-id=\"d6931b2\" data-element_type=\"widget\" data-e-type=\"widget\" data-widget_type=\"heading.default\">\n\t\t\t\t<div class=\"elementor-widget-container\">\n\t\t\t\t\t<h2 class=\"elementor-heading-title elementor-size-default\">Yarasalar<\/h2>\t\t\t\t<\/div>\n\t\t\t\t<\/div>\n\t\t\t\t<div class=\"elementor-element elementor-element-d314b6c elementor-widget elementor-widget-text-editor\" data-id=\"d314b6c\" data-element_type=\"widget\" data-e-type=\"widget\" data-widget_type=\"text-editor.default\">\n\t\t\t\t<div class=\"elementor-widget-container\">\n\t\t\t\t\t\t\t\t\t<p>G\u00fcney Limburg'un ma\u011faralar\u0131 yarasalar i\u00e7in ideal bir s\u0131\u011f\u0131nakt\u0131r, \u00e7\u00fcnk\u00fc yarasalar\u0131n dinlenmesi, k\u0131\u015f uykusuna yatmas\u0131 ve \u00fcremesi i\u00e7in m\u00fckemmel ko\u015fullar olan serin, karanl\u0131k ve sessiz bir ortam sunarlar.<\/p>\n<p>MergelRijk'te yarasa bulunmaz, ancak marn ma\u011faralar\u0131yla ili\u015fkili b\u00fcy\u00fcleyici canl\u0131lar olduklar\u0131 i\u00e7in MergelRijk'te ilgi \u00e7ekici bir \u015fekilde yer al\u0131rlar.<\/p>\t\t\t\t\t\t\t\t<\/div>\n\t\t\t\t<\/div>\n\t\t\t\t<\/div>\n\t\t\t\t\t<\/div>\n\t\t\t\t<\/div>\n\t\t<div class=\"elementor-element elementor-element-7b7f343 e-flex e-con-boxed e-con e-parent\" data-id=\"7b7f343\" data-element_type=\"container\" data-e-type=\"container\" data-settings=\"{&quot;jet_parallax_layout_list&quot;:[]}\">\n\t\t\t\t\t<div class=\"e-con-inner\">\n\t\t<div class=\"elementor-element elementor-element-3f94391 e-con-full e-flex e-con e-child\" data-id=\"3f94391\" data-element_type=\"container\" data-e-type=\"container\" data-settings=\"{&quot;animation&quot;:&quot;none&quot;,&quot;jet_parallax_layout_list&quot;:[]}\">\n\t\t<div class=\"elementor-element elementor-element-963a35a e-con-full e-flex e-con e-child\" data-id=\"963a35a\" data-element_type=\"container\" data-e-type=\"container\" data-settings=\"{&quot;background_background&quot;:&quot;classic&quot;,&quot;animation&quot;:&quot;none&quot;,&quot;jet_parallax_layout_list&quot;:[]}\">\n\t\t\t\t<div class=\"elementor-element elementor-element-ef83f91 elementor-widget elementor-widget-image\" data-id=\"ef83f91\" data-element_type=\"widget\" data-e-type=\"widget\" data-widget_type=\"image.default\">\n\t\t\t\t<div class=\"elementor-widget-container\">\n\t\t\t\t\t\t\t\t\t\t\t\t\t\t\t<img loading=\"lazy\" decoding=\"async\" width=\"1200\" height=\"800\" src=\"https:\/\/mergelrijk.nl\/wp-content\/uploads\/2025\/02\/xWebsite-Toerisme-en-Kasteel-van-Valkenburg.jpg\" class=\"attachment-full size-full wp-image-756\" alt=\"Marn ma\u011faralar\u0131 Limburg | MergelRijk Valkenburg\" srcset=\"https:\/\/mergelrijk.nl\/wp-content\/uploads\/2025\/02\/xWebsite-Toerisme-en-Kasteel-van-Valkenburg.jpg 1200w, https:\/\/mergelrijk.nl\/wp-content\/uploads\/2025\/02\/xWebsite-Toerisme-en-Kasteel-van-Valkenburg-300x200.jpg 300w, https:\/\/mergelrijk.nl\/wp-content\/uploads\/2025\/02\/xWebsite-Toerisme-en-Kasteel-van-Valkenburg-1024x683.jpg 1024w, https:\/\/mergelrijk.nl\/wp-content\/uploads\/2025\/02\/xWebsite-Toerisme-en-Kasteel-van-Valkenburg-768x512.jpg 768w, https:\/\/mergelrijk.nl\/wp-content\/uploads\/2025\/02\/xWebsite-Toerisme-en-Kasteel-van-Valkenburg-18x12.jpg 18w\" sizes=\"(max-width: 1200px) 100vw, 1200px\" title=\"\">\t\t\t\t\t\t\t\t\t\t\t\t\t\t\t<\/div>\n\t\t\t\t<\/div>\n\t\t\t\t<\/div>\n\t\t\t\t<\/div>\n\t\t<div class=\"elementor-element elementor-element-a4eba17 e-con-full e-flex e-con e-child\" data-id=\"a4eba17\" data-element_type=\"container\" data-e-type=\"container\" data-settings=\"{&quot;animation&quot;:&quot;none&quot;,&quot;jet_parallax_layout_list&quot;:[]}\">\n\t\t\t\t<div class=\"elementor-element elementor-element-b5b1dff elementor-widget elementor-widget-heading\" data-id=\"b5b1dff\" data-element_type=\"widget\" data-e-type=\"widget\" data-widget_type=\"heading.default\">\n\t\t\t\t<div class=\"elementor-widget-container\">\n\t\t\t\t\t<h2 class=\"elementor-heading-title elementor-size-default\">Turizm ve Valkenburg Kalesi<\/h2>\t\t\t\t<\/div>\n\t\t\t\t<\/div>\n\t\t\t\t<div class=\"elementor-element elementor-element-1970841 elementor-widget elementor-widget-text-editor\" data-id=\"1970841\" data-element_type=\"widget\" data-e-type=\"widget\" data-widget_type=\"text-editor.default\">\n\t\t\t\t<div class=\"elementor-widget-container\">\n\t\t\t\t\t\t\t\t\tValkenburg, tarihi cazibesi, do\u011fal g\u00fczelli\u011fi ve antik kale ve ma\u011faralar\u0131n varl\u0131\u011f\u0131 nedeniyle pop\u00fcler bir turizm merkezidir. Pitoresk sokaklar\u0131, tepelik manzaras\u0131 ve k\u00fclt\u00fcrel cazibe merkezleriyle bilinen Hollanda'n\u0131n en eski turistik yerlerinden biridir. Valkenburg Kalesi, Hollanda'da kalan birka\u00e7 kale kal\u0131nt\u0131s\u0131ndan biridir ve b\u00f6lgenin sembolik bir miras\u0131d\u0131r. MergelRijk'te, Valkenburg Kalesi'nin minyat\u00fcr\u00fc, Valkenburg \u0130stasyonu ve Wilhelmina Kulesi gibi marn sanat\u0131 \u015feklindeki baz\u0131 turistik yerler ziyaret edilebilir. \t\t\t\t\t\t\t\t<\/div>\n\t\t\t\t<\/div>\n\t\t\t\t<\/div>\n\t\t\t\t\t<\/div>\n\t\t\t\t<\/div>\n\t\t<div class=\"elementor-element elementor-element-fed5d9d e-flex e-con-boxed e-con e-parent\" data-id=\"fed5d9d\" data-element_type=\"container\" data-e-type=\"container\" data-settings=\"{&quot;background_background&quot;:&quot;classic&quot;,&quot;jet_parallax_layout_list&quot;:[]}\">\n\t\t\t\t\t<div class=\"e-con-inner\">\n\t\t<div class=\"elementor-element elementor-element-4fbe894 e-con-full e-flex e-con e-child\" data-id=\"4fbe894\" data-element_type=\"container\" data-e-type=\"container\" data-settings=\"{&quot;animation&quot;:&quot;none&quot;,&quot;jet_parallax_layout_list&quot;:[]}\">\n\t\t<div class=\"elementor-element elementor-element-4ade49f e-con-full e-flex e-con e-child\" data-id=\"4ade49f\" data-element_type=\"container\" data-e-type=\"container\" data-settings=\"{&quot;background_background&quot;:&quot;classic&quot;,&quot;animation&quot;:&quot;none&quot;,&quot;jet_parallax_layout_list&quot;:[]}\">\n\t\t\t\t<div class=\"elementor-element elementor-element-c46a3d4 elementor-widget elementor-widget-image\" data-id=\"c46a3d4\" data-element_type=\"widget\" data-e-type=\"widget\" data-widget_type=\"image.default\">\n\t\t\t\t<div class=\"elementor-widget-container\">\n\t\t\t\t\t\t\t\t\t\t\t\t\t\t\t<img loading=\"lazy\" decoding=\"async\" width=\"1200\" height=\"800\" src=\"https:\/\/mergelrijk.nl\/wp-content\/uploads\/2025\/02\/xWebsite-Portrettengalerij.jpg\" class=\"attachment-full size-full wp-image-757\" alt=\"\" srcset=\"https:\/\/mergelrijk.nl\/wp-content\/uploads\/2025\/02\/xWebsite-Portrettengalerij.jpg 1200w, https:\/\/mergelrijk.nl\/wp-content\/uploads\/2025\/02\/xWebsite-Portrettengalerij-300x200.jpg 300w, https:\/\/mergelrijk.nl\/wp-content\/uploads\/2025\/02\/xWebsite-Portrettengalerij-1024x683.jpg 1024w, https:\/\/mergelrijk.nl\/wp-content\/uploads\/2025\/02\/xWebsite-Portrettengalerij-768x512.jpg 768w, https:\/\/mergelrijk.nl\/wp-content\/uploads\/2025\/02\/xWebsite-Portrettengalerij-18x12.jpg 18w\" sizes=\"(max-width: 1200px) 100vw, 1200px\" title=\"\">\t\t\t\t\t\t\t\t\t\t\t\t\t\t\t<\/div>\n\t\t\t\t<\/div>\n\t\t\t\t<\/div>\n\t\t\t\t<\/div>\n\t\t<div class=\"elementor-element elementor-element-6867190 e-con-full e-flex e-con e-child\" data-id=\"6867190\" data-element_type=\"container\" data-e-type=\"container\" data-settings=\"{&quot;animation&quot;:&quot;none&quot;,&quot;jet_parallax_layout_list&quot;:[]}\">\n\t\t\t\t<div class=\"elementor-element elementor-element-e610109 elementor-widget elementor-widget-heading\" data-id=\"e610109\" data-element_type=\"widget\" data-e-type=\"widget\" data-widget_type=\"heading.default\">\n\t\t\t\t<div class=\"elementor-widget-container\">\n\t\t\t\t\t<h2 class=\"elementor-heading-title elementor-size-default\">Portre galerisi<\/h2>\t\t\t\t<\/div>\n\t\t\t\t<\/div>\n\t\t\t\t<div class=\"elementor-element elementor-element-63622fd elementor-widget elementor-widget-text-editor\" data-id=\"63622fd\" data-element_type=\"widget\" data-e-type=\"widget\" data-widget_type=\"text-editor.default\">\n\t\t\t\t<div class=\"elementor-widget-container\">\n\t\t\t\t\t\t\t\t\t<p>Jan Kruysen Portre Galerisi, MergelRijk ma\u011faras\u0131nda yer alan ve Hollandal\u0131 sanat\u00e7\u0131 Jan Kruysen'in 1924 y\u0131l\u0131nda yapt\u0131\u011f\u0131 portrelerden olu\u015fan ola\u011fan\u00fcst\u00fc bir koleksiyonun sergilendi\u011fi bir galeridir.<\/p><p>Jan Kruysen, ger\u00e7ek\u00e7i portre \u00e7al\u0131\u015fmalar\u0131 ve insan ifadesini son derece detayl\u0131 ve canl\u0131 bir \u015fekilde yakalamas\u0131yla tan\u0131nan bir sanat\u00e7\u0131d\u0131r. Portreler, marn ma\u011faralar\u0131ndaki resim sanat\u0131n\u0131n karakteristik y\u00f6ntemleriyle, yani do\u011frudan marn duvar\u0131 \u00fczerine karakalemle yap\u0131lm\u0131\u015ft\u0131r. Jan Kruysen, ki\u015filerin sadece d\u0131\u015f \u00f6zelliklerini yakalamakla kalmam\u0131\u015f, ayn\u0131 zamanda daha derin i\u00e7 d\u00fcnyalar\u0131n\u0131 da onlarla birlikte ifade etmi\u015ftir. G\u00f6rmek i\u00e7in \u00e7ok \u00f6zel!<\/p>\t\t\t\t\t\t\t\t<\/div>\n\t\t\t\t<\/div>\n\t\t\t\t<\/div>\n\t\t\t\t\t<\/div>\n\t\t\t\t<\/div>\n\t\t<div class=\"elementor-element elementor-element-46c56e3 e-flex e-con-boxed e-con e-parent\" data-id=\"46c56e3\" data-element_type=\"container\" data-e-type=\"container\" data-settings=\"{&quot;jet_parallax_layout_list&quot;:[]}\">\n\t\t\t\t\t<div class=\"e-con-inner\">\n\t\t<div class=\"elementor-element elementor-element-ef69b9a e-con-full e-flex e-con e-child\" data-id=\"ef69b9a\" data-element_type=\"container\" data-e-type=\"container\" data-settings=\"{&quot;animation&quot;:&quot;none&quot;,&quot;jet_parallax_layout_list&quot;:[]}\">\n\t\t<div class=\"elementor-element elementor-element-740ce9b e-con-full e-flex e-con e-child\" data-id=\"740ce9b\" data-element_type=\"container\" data-e-type=\"container\" data-settings=\"{&quot;background_background&quot;:&quot;classic&quot;,&quot;animation&quot;:&quot;none&quot;,&quot;jet_parallax_layout_list&quot;:[]}\">\n\t\t\t\t<div class=\"elementor-element elementor-element-d06186e elementor-widget elementor-widget-image\" data-id=\"d06186e\" data-element_type=\"widget\" data-e-type=\"widget\" data-widget_type=\"image.default\">\n\t\t\t\t<div class=\"elementor-widget-container\">\n\t\t\t\t\t\t\t\t\t\t\t\t\t\t\t<img loading=\"lazy\" decoding=\"async\" width=\"1200\" height=\"800\" src=\"https:\/\/mergelrijk.nl\/wp-content\/uploads\/2025\/02\/xWebsite-3D-Grotschilderingen.jpg\" class=\"attachment-full size-full wp-image-758\" alt=\"Marn ma\u011faralar\u0131 Limburg | MergelRijk Valkenburg\" srcset=\"https:\/\/mergelrijk.nl\/wp-content\/uploads\/2025\/02\/xWebsite-3D-Grotschilderingen.jpg 1200w, https:\/\/mergelrijk.nl\/wp-content\/uploads\/2025\/02\/xWebsite-3D-Grotschilderingen-300x200.jpg 300w, https:\/\/mergelrijk.nl\/wp-content\/uploads\/2025\/02\/xWebsite-3D-Grotschilderingen-1024x683.jpg 1024w, https:\/\/mergelrijk.nl\/wp-content\/uploads\/2025\/02\/xWebsite-3D-Grotschilderingen-768x512.jpg 768w, https:\/\/mergelrijk.nl\/wp-content\/uploads\/2025\/02\/xWebsite-3D-Grotschilderingen-18x12.jpg 18w\" sizes=\"(max-width: 1200px) 100vw, 1200px\" title=\"\">\t\t\t\t\t\t\t\t\t\t\t\t\t\t\t<\/div>\n\t\t\t\t<\/div>\n\t\t\t\t<\/div>\n\t\t\t\t<\/div>\n\t\t<div class=\"elementor-element elementor-element-0e2d381 e-con-full e-flex e-con e-child\" data-id=\"0e2d381\" data-element_type=\"container\" data-e-type=\"container\" data-settings=\"{&quot;animation&quot;:&quot;none&quot;,&quot;jet_parallax_layout_list&quot;:[]}\">\n\t\t\t\t<div class=\"elementor-element elementor-element-4928012 elementor-widget elementor-widget-heading\" data-id=\"4928012\" data-element_type=\"widget\" data-e-type=\"widget\" data-widget_type=\"heading.default\">\n\t\t\t\t<div class=\"elementor-widget-container\">\n\t\t\t\t\t<h2 class=\"elementor-heading-title elementor-size-default\">3 boyutlu ma\u011fara resimleri<\/h2>\t\t\t\t<\/div>\n\t\t\t\t<\/div>\n\t\t\t\t<div class=\"elementor-element elementor-element-1ace34b elementor-widget elementor-widget-text-editor\" data-id=\"1ace34b\" data-element_type=\"widget\" data-e-type=\"widget\" data-widget_type=\"text-editor.default\">\n\t\t\t\t<div class=\"elementor-widget-container\">\n\t\t\t\t\t\t\t\t\t25.000 y\u0131ldan daha uzun bir s\u00fcre \u00f6nce insanlar ma\u011fara resimleri yapmaya ba\u015flam\u0131\u015flard\u0131. MergelRijk bu gelene\u011fi \u00e7a\u011fda\u015f bir \u015fekilde devam ettirerek b\u00fcy\u00fck bir odaya muhte\u015fem 3D ma\u011fara resimleri yerle\u015ftirdi. Daha \u00f6nce, 3D efekti yaln\u0131zca bir kamera merce\u011finden bak\u0131ld\u0131\u011f\u0131nda g\u00f6zlemlenebildi\u011fi i\u00e7in bu \u015fekilde m\u00fcmk\u00fcn de\u011fildi. Rengarenk resimler, d\u00fcnyan\u0131n en iyi 3D Art sanat\u00e7\u0131lar\u0131 taraf\u0131ndan duvar, tavan ve zemin \u00fczerine yap\u0131lm\u0131\u015ft\u0131r.\n\n3 boyutlu resimler, onlarla foto\u011fraf \u00e7ekmek i\u00e7in \u00f6zel olarak yap\u0131lm\u0131\u015ft\u0131r. Bu y\u00fczden foto\u011fraf makinenizi veya ak\u0131ll\u0131 telefonunuzu elinizin alt\u0131nda bulundurmay\u0131 unutmay\u0131n ve Valkenburg'un marn ma\u011faralar\u0131na yapt\u0131\u011f\u0131n\u0131z ziyaretin en g\u00fczel an\u0131lar\u0131n\u0131 yarat\u0131n!\t\t\t\t\t\t\t\t<\/div>\n\t\t\t\t<\/div>\n\t\t\t\t<\/div>\n\t\t\t\t\t<\/div>\n\t\t\t\t<\/div>\n\t\t\t\t<\/div>","protected":false},"excerpt":{"rendered":"<p>De leukste tocht door de mergelgrotten met audiotour voor volwassenen en een speurtocht voor kinderen Grotwandeling met audiotour Iedereen krijgt een eigen audiotour mee, waarmee je door een ervaren gids meegenomen wordt op je route door de grot. De gids geeft je onderweg op een leuke manier allerlei informatie en maakt je wegwijs door het [&hellip;]<\/p>\n","protected":false},"author":1,"featured_media":0,"parent":0,"menu_order":0,"comment_status":"closed","ping_status":"closed","template":"elementor_header_footer","meta":{"footnotes":""},"class_list":["post-738","page","type-page","status-publish","hentry"],"_links":{"self":[{"href":"https:\/\/mergelrijk.nl\/tr\/wp-json\/wp\/v2\/pages\/738","targetHints":{"allow":["GET"]}}],"collection":[{"href":"https:\/\/mergelrijk.nl\/tr\/wp-json\/wp\/v2\/pages"}],"about":[{"href":"https:\/\/mergelrijk.nl\/tr\/wp-json\/wp\/v2\/types\/page"}],"author":[{"embeddable":true,"href":"https:\/\/mergelrijk.nl\/tr\/wp-json\/wp\/v2\/users\/1"}],"replies":[{"embeddable":true,"href":"https:\/\/mergelrijk.nl\/tr\/wp-json\/wp\/v2\/comments?post=738"}],"version-history":[{"count":62,"href":"https:\/\/mergelrijk.nl\/tr\/wp-json\/wp\/v2\/pages\/738\/revisions"}],"predecessor-version":[{"id":1112,"href":"https:\/\/mergelrijk.nl\/tr\/wp-json\/wp\/v2\/pages\/738\/revisions\/1112"}],"wp:attachment":[{"href":"https:\/\/mergelrijk.nl\/tr\/wp-json\/wp\/v2\/media?parent=738"}],"curies":[{"name":"wp","href":"https:\/\/api.w.org\/{rel}","templated":true}]}}