{"id":738,"date":"2025-02-20T08:12:22","date_gmt":"2025-02-20T07:12:22","guid":{"rendered":"https:\/\/mergelrijk.nl\/?page_id=738"},"modified":"2025-09-11T11:55:26","modified_gmt":"2025-09-11T09:55:26","slug":"visite-de-la-grotte","status":"publish","type":"page","link":"https:\/\/mergelrijk.nl\/fr\/grotbezoek\/","title":{"rendered":"Visite audio"},"content":{"rendered":"<div data-elementor-type=\"wp-page\" data-elementor-id=\"738\" class=\"elementor elementor-738\" data-elementor-post-type=\"page\">\n\t\t\t\t<div class=\"elementor-element elementor-element-3fdc0dcd e-flex e-con-boxed e-con e-parent\" data-id=\"3fdc0dcd\" data-element_type=\"container\" data-e-type=\"container\" data-settings=\"{&quot;background_background&quot;:&quot;classic&quot;,&quot;jet_parallax_layout_list&quot;:[]}\">\n\t\t\t\t\t<div class=\"e-con-inner\">\n\t\t<div class=\"elementor-element elementor-element-633334b9 e-con-full e-flex e-con e-child\" data-id=\"633334b9\" data-element_type=\"container\" data-e-type=\"container\" data-settings=\"{&quot;jet_parallax_layout_list&quot;:[]}\">\n\t\t\t\t<div class=\"elementor-element elementor-element-15c4d0d2 elementor-invisible elementor-widget elementor-widget-heading\" data-id=\"15c4d0d2\" data-element_type=\"widget\" data-e-type=\"widget\" data-settings=\"{&quot;_animation&quot;:&quot;fadeInUp&quot;}\" data-widget_type=\"heading.default\">\n\t\t\t\t<div class=\"elementor-widget-container\">\n\t\t\t\t\t<h1 class=\"elementor-heading-title elementor-size-default\">Visite audio<\/h1>\t\t\t\t<\/div>\n\t\t\t\t<\/div>\n\t\t\t\t<div class=\"elementor-element elementor-element-59706752 animated-slow elementor-invisible elementor-widget elementor-widget-heading\" data-id=\"59706752\" data-element_type=\"widget\" data-e-type=\"widget\" data-settings=\"{&quot;_animation&quot;:&quot;fadeInUp&quot;,&quot;_animation_delay&quot;:200}\" data-widget_type=\"heading.default\">\n\t\t\t\t<div class=\"elementor-widget-container\">\n\t\t\t\t\t<h4 class=\"elementor-heading-title elementor-size-default\">La visite la plus ludique des grottes de marne avec visite audio pour les adultes et chasse au tr\u00e9sor pour les enfants.<\/h4>\t\t\t\t<\/div>\n\t\t\t\t<\/div>\n\t\t\t\t<\/div>\n\t\t\t\t\t<\/div>\n\t\t\t\t<\/div>\n\t\t<div class=\"elementor-element elementor-element-6e8dc5e6 e-flex e-con-boxed e-con e-parent\" data-id=\"6e8dc5e6\" data-element_type=\"container\" data-e-type=\"container\" data-settings=\"{&quot;jet_parallax_layout_list&quot;:[]}\">\n\t\t\t\t\t<div class=\"e-con-inner\">\n\t\t<div class=\"elementor-element elementor-element-3ff14f00 e-con-full e-flex e-con e-child\" data-id=\"3ff14f00\" data-element_type=\"container\" data-e-type=\"container\" data-settings=\"{&quot;animation&quot;:&quot;none&quot;,&quot;jet_parallax_layout_list&quot;:[]}\">\n\t\t<div class=\"elementor-element elementor-element-8748eb8 e-con-full e-flex e-con e-child\" data-id=\"8748eb8\" data-element_type=\"container\" data-e-type=\"container\" data-settings=\"{&quot;background_background&quot;:&quot;classic&quot;,&quot;animation&quot;:&quot;none&quot;,&quot;jet_parallax_layout_list&quot;:[]}\">\n\t\t\t\t<div class=\"elementor-element elementor-element-d485ba8 elementor-widget elementor-widget-image\" data-id=\"d485ba8\" data-element_type=\"widget\" data-e-type=\"widget\" data-settings=\"{&quot;_animation&quot;:&quot;none&quot;}\" data-widget_type=\"image.default\">\n\t\t\t\t<div class=\"elementor-widget-container\">\n\t\t\t\t\t\t\t\t\t\t\t\t\t\t\t<img fetchpriority=\"high\" decoding=\"async\" width=\"1200\" height=\"800\" src=\"https:\/\/mergelrijk.nl\/wp-content\/uploads\/2025\/02\/grotbezoek-1.jpg\" class=\"attachment-full size-full wp-image-321\" alt=\"Grottes de marne Limbourg | MergelRijk Valkenburg\" srcset=\"https:\/\/mergelrijk.nl\/wp-content\/uploads\/2025\/02\/grotbezoek-1.jpg 1200w, https:\/\/mergelrijk.nl\/wp-content\/uploads\/2025\/02\/grotbezoek-1-300x200.jpg 300w, https:\/\/mergelrijk.nl\/wp-content\/uploads\/2025\/02\/grotbezoek-1-1024x683.jpg 1024w, https:\/\/mergelrijk.nl\/wp-content\/uploads\/2025\/02\/grotbezoek-1-768x512.jpg 768w\" sizes=\"(max-width: 1200px) 100vw, 1200px\" title=\"\">\t\t\t\t\t\t\t\t\t\t\t\t\t\t\t<\/div>\n\t\t\t\t<\/div>\n\t\t\t\t<\/div>\n\t\t\t\t<\/div>\n\t\t<div class=\"elementor-element elementor-element-3ae9d4da e-con-full e-flex e-con e-child\" data-id=\"3ae9d4da\" data-element_type=\"container\" data-e-type=\"container\" data-settings=\"{&quot;animation&quot;:&quot;none&quot;,&quot;jet_parallax_layout_list&quot;:[]}\">\n\t\t\t\t<div class=\"elementor-element elementor-element-51d16082 elementor-widget elementor-widget-heading\" data-id=\"51d16082\" data-element_type=\"widget\" data-e-type=\"widget\" data-widget_type=\"heading.default\">\n\t\t\t\t<div class=\"elementor-widget-container\">\n\t\t\t\t\t<h2 class=\"elementor-heading-title elementor-size-default\">Promenade dans les grottes avec visite audio<\/h2>\t\t\t\t<\/div>\n\t\t\t\t<\/div>\n\t\t\t\t<div class=\"elementor-element elementor-element-e618b2e elementor-widget elementor-widget-text-editor\" data-id=\"e618b2e\" data-element_type=\"widget\" data-e-type=\"widget\" data-widget_type=\"text-editor.default\">\n\t\t\t\t<div class=\"elementor-widget-container\">\n\t\t\t\t\t\t\t\t\t<p>Chacun re\u00e7oit sa propre visite audio, gr\u00e2ce \u00e0 laquelle un guide exp\u00e9riment\u00e9 vous emm\u00e8ne sur le chemin de la grotte. Le guide vous donnera toutes sortes d'informations tout au long du parcours, de mani\u00e8re ludique, et vous guidera \u00e0 travers le r\u00e9seau de grottes. La visite audio est disponible en 9 langues : N\u00e9erlandais, Allemand, Anglais, Fran\u00e7ais, Espagnol, Italien, Ukrainien, Polonais et Mandarin.<\/p><p>Une visite \u00e0 MergelRijk est une visite de grotte de niveau sup\u00e9rieur. C'est comme marcher dans une \u0153uvre d'art g\u00e9ologique. La grotte a une atmosph\u00e8re magique et offre un aper\u00e7u unique des merveilles naturelles de la terre, que l'homme a utilis\u00e9es avec gratitude.<\/p><p>Il s'agit d'une exp\u00e9rience interactive qui vous permet non seulement d'explorer la grotte par vous-m\u00eame et \u00e0 votre rythme, mais aussi d'en apprendre davantage sur l'histoire des grottes de marne et sur l'utilisation de la marne.<\/p><p>Voici quelques-uns des principaux sujets abord\u00e9s au cours de la visite audio :<\/p>\t\t\t\t\t\t\t\t<\/div>\n\t\t\t\t<\/div>\n\t\t\t\t<\/div>\n\t\t\t\t\t<\/div>\n\t\t\t\t<\/div>\n\t\t<div class=\"elementor-element elementor-element-3f4e5000 e-flex e-con-boxed e-con e-parent\" data-id=\"3f4e5000\" data-element_type=\"container\" data-e-type=\"container\" data-settings=\"{&quot;background_background&quot;:&quot;classic&quot;,&quot;jet_parallax_layout_list&quot;:[]}\">\n\t\t\t\t\t<div class=\"e-con-inner\">\n\t\t<div class=\"elementor-element elementor-element-efc9c0d e-con-full e-flex e-con e-child\" data-id=\"efc9c0d\" data-element_type=\"container\" data-e-type=\"container\" data-settings=\"{&quot;animation&quot;:&quot;none&quot;,&quot;jet_parallax_layout_list&quot;:[]}\">\n\t\t<div class=\"elementor-element elementor-element-0daa105 e-con-full e-flex e-con e-child\" data-id=\"0daa105\" data-element_type=\"container\" data-e-type=\"container\" data-settings=\"{&quot;background_background&quot;:&quot;classic&quot;,&quot;animation&quot;:&quot;none&quot;,&quot;jet_parallax_layout_list&quot;:[]}\">\n\t\t\t\t<div class=\"elementor-element elementor-element-7b4a2b3 elementor-widget elementor-widget-image\" data-id=\"7b4a2b3\" data-element_type=\"widget\" data-e-type=\"widget\" data-widget_type=\"image.default\">\n\t\t\t\t<div class=\"elementor-widget-container\">\n\t\t\t\t\t\t\t\t\t\t\t\t\t\t\t<img decoding=\"async\" width=\"1200\" height=\"800\" src=\"https:\/\/mergelrijk.nl\/wp-content\/uploads\/2025\/02\/xWebsite-Intro-door-de-zandtovenaar.jpg\" class=\"attachment-full size-full wp-image-745\" alt=\"Grottes de marne Limbourg | MergelRijk Valkenburg\" srcset=\"https:\/\/mergelrijk.nl\/wp-content\/uploads\/2025\/02\/xWebsite-Intro-door-de-zandtovenaar.jpg 1200w, https:\/\/mergelrijk.nl\/wp-content\/uploads\/2025\/02\/xWebsite-Intro-door-de-zandtovenaar-300x200.jpg 300w, https:\/\/mergelrijk.nl\/wp-content\/uploads\/2025\/02\/xWebsite-Intro-door-de-zandtovenaar-1024x683.jpg 1024w, https:\/\/mergelrijk.nl\/wp-content\/uploads\/2025\/02\/xWebsite-Intro-door-de-zandtovenaar-768x512.jpg 768w, https:\/\/mergelrijk.nl\/wp-content\/uploads\/2025\/02\/xWebsite-Intro-door-de-zandtovenaar-18x12.jpg 18w\" sizes=\"(max-width: 1200px) 100vw, 1200px\" title=\"\">\t\t\t\t\t\t\t\t\t\t\t\t\t\t\t<\/div>\n\t\t\t\t<\/div>\n\t\t\t\t<\/div>\n\t\t\t\t<\/div>\n\t\t<div class=\"elementor-element elementor-element-54b420b e-con-full e-flex e-con e-child\" data-id=\"54b420b\" data-element_type=\"container\" data-e-type=\"container\" data-settings=\"{&quot;animation&quot;:&quot;none&quot;,&quot;jet_parallax_layout_list&quot;:[]}\">\n\t\t\t\t<div class=\"elementor-element elementor-element-675fdef elementor-widget elementor-widget-heading\" data-id=\"675fdef\" data-element_type=\"widget\" data-e-type=\"widget\" data-widget_type=\"heading.default\">\n\t\t\t\t<div class=\"elementor-widget-container\">\n\t\t\t\t\t<h2 class=\"elementor-heading-title elementor-size-default\">Intro par le magicien des sables<\/h2>\t\t\t\t<\/div>\n\t\t\t\t<\/div>\n\t\t\t\t<div class=\"elementor-element elementor-element-3ecb801 elementor-widget elementor-widget-text-editor\" data-id=\"3ecb801\" data-element_type=\"widget\" data-e-type=\"widget\" data-widget_type=\"text-editor.default\">\n\t\t\t\t<div class=\"elementor-widget-container\">\n\t\t\t\t\t\t\t\t\t<p>Apr\u00e8s l'accueil personnel du cr\u00e9ateur et fondateur de MergelRijk, chaque visite commence par la projection d'un film sp\u00e9cial r\u00e9alis\u00e9 par le Magicien des Sables. Il s'agit de l'artiste connu d'Efteling et de la t\u00e9l\u00e9vision, r\u00e9put\u00e9 pour sa forme d'art unique que sont les dessins de sable. Il s'agit d'une exp\u00e9rience visuelle \u00e0 la fois artistique et \u00e9ducative.<\/p><p>Le magicien des sables a utilis\u00e9 du sable de marne tr\u00e8s fin pour vous raconter avec art l'histoire de la gen\u00e8se des grottes de marne. Les dessins et les sculptures sont ainsi li\u00e9s \u00e0 la marne de MergelRijk d'une mani\u00e8re innovante.<\/p>\t\t\t\t\t\t\t\t<\/div>\n\t\t\t\t<\/div>\n\t\t\t\t<\/div>\n\t\t\t\t\t<\/div>\n\t\t\t\t<\/div>\n\t\t<div class=\"elementor-element elementor-element-2446305 e-flex e-con-boxed e-con e-parent\" data-id=\"2446305\" data-element_type=\"container\" data-e-type=\"container\" data-settings=\"{&quot;jet_parallax_layout_list&quot;:[]}\">\n\t\t\t\t\t<div class=\"e-con-inner\">\n\t\t<div class=\"elementor-element elementor-element-36baa74 e-con-full e-flex e-con e-child\" data-id=\"36baa74\" data-element_type=\"container\" data-e-type=\"container\" data-settings=\"{&quot;animation&quot;:&quot;none&quot;,&quot;jet_parallax_layout_list&quot;:[]}\">\n\t\t<div class=\"elementor-element elementor-element-ec8071f e-con-full e-flex e-con e-child\" data-id=\"ec8071f\" data-element_type=\"container\" data-e-type=\"container\" data-settings=\"{&quot;background_background&quot;:&quot;classic&quot;,&quot;animation&quot;:&quot;none&quot;,&quot;jet_parallax_layout_list&quot;:[]}\">\n\t\t\t\t<div class=\"elementor-element elementor-element-8e8304a elementor-widget elementor-widget-image\" data-id=\"8e8304a\" data-element_type=\"widget\" data-e-type=\"widget\" data-widget_type=\"image.default\">\n\t\t\t\t<div class=\"elementor-widget-container\">\n\t\t\t\t\t\t\t\t\t\t\t\t\t\t\t<img decoding=\"async\" width=\"1200\" height=\"800\" src=\"https:\/\/mergelrijk.nl\/wp-content\/uploads\/2025\/02\/xWebsite-Mosaquarium-65-miljoen-jaar-geleden.jpg\" class=\"attachment-full size-full wp-image-746\" alt=\"Grottes de marne Limbourg | MergelRijk Valkenburg\" srcset=\"https:\/\/mergelrijk.nl\/wp-content\/uploads\/2025\/02\/xWebsite-Mosaquarium-65-miljoen-jaar-geleden.jpg 1200w, https:\/\/mergelrijk.nl\/wp-content\/uploads\/2025\/02\/xWebsite-Mosaquarium-65-miljoen-jaar-geleden-300x200.jpg 300w, https:\/\/mergelrijk.nl\/wp-content\/uploads\/2025\/02\/xWebsite-Mosaquarium-65-miljoen-jaar-geleden-1024x683.jpg 1024w, https:\/\/mergelrijk.nl\/wp-content\/uploads\/2025\/02\/xWebsite-Mosaquarium-65-miljoen-jaar-geleden-768x512.jpg 768w, https:\/\/mergelrijk.nl\/wp-content\/uploads\/2025\/02\/xWebsite-Mosaquarium-65-miljoen-jaar-geleden-18x12.jpg 18w\" sizes=\"(max-width: 1200px) 100vw, 1200px\" title=\"\">\t\t\t\t\t\t\t\t\t\t\t\t\t\t\t<\/div>\n\t\t\t\t<\/div>\n\t\t\t\t<\/div>\n\t\t\t\t<\/div>\n\t\t<div class=\"elementor-element elementor-element-b55169a e-con-full e-flex e-con e-child\" data-id=\"b55169a\" data-element_type=\"container\" data-e-type=\"container\" data-settings=\"{&quot;animation&quot;:&quot;none&quot;,&quot;jet_parallax_layout_list&quot;:[]}\">\n\t\t\t\t<div class=\"elementor-element elementor-element-c290bff elementor-widget elementor-widget-heading\" data-id=\"c290bff\" data-element_type=\"widget\" data-e-type=\"widget\" data-widget_type=\"heading.default\">\n\t\t\t\t<div class=\"elementor-widget-container\">\n\t\t\t\t\t<h2 class=\"elementor-heading-title elementor-size-default\">Mosaquarium : il y a 75 millions d'ann\u00e9es<\/h2>\t\t\t\t<\/div>\n\t\t\t\t<\/div>\n\t\t\t\t<div class=\"elementor-element elementor-element-b4bcfb8 elementor-widget elementor-widget-text-editor\" data-id=\"b4bcfb8\" data-element_type=\"widget\" data-e-type=\"widget\" data-widget_type=\"text-editor.default\">\n\t\t\t\t<div class=\"elementor-widget-container\">\n\t\t\t\t\t\t\t\t\t<p>Il y a environ 75 millions d'ann\u00e9es, il y avait une mer dans ce qui fait aujourd'hui partie des Pays-Bas et de l'Europe. C'\u00e9tait au Cr\u00e9tac\u00e9 (mieux connu sous le nom de l'\u00e9poque des dinosaures). La g\u00e9ographie de la Terre \u00e9tait alors tr\u00e8s diff\u00e9rente de celle d'aujourd'hui. Au lieu des masses terrestres actuelles, il y avait des mers et des oc\u00e9ans. Cette mer a contribu\u00e9 \u00e0 la formation de la marne que l'on retrouve plus tard dans les grottes du Limbourg m\u00e9ridional ! L'accumulation de squelettes d'animaux marins tels que les ammonites, les oursins et les Mosasaures a finalement conduit \u00e0 la formation de marne et de calcaire.<\/p><p>Au Mosaquarium, vous vous promenez dans une couche de terre qui constituait le fond marin il y a des millions d'ann\u00e9es et vous avez un aper\u00e7u de ce \u00e0 quoi ressemblait cet endroit il y a des millions d'ann\u00e9es. Vous pouvez par exemple voir le Mosasaurus d'un m\u00e8tre de long nager.<\/p>\t\t\t\t\t\t\t\t<\/div>\n\t\t\t\t<\/div>\n\t\t\t\t<\/div>\n\t\t\t\t\t<\/div>\n\t\t\t\t<\/div>\n\t\t<div class=\"elementor-element elementor-element-52c8f7f e-flex e-con-boxed e-con e-parent\" data-id=\"52c8f7f\" data-element_type=\"container\" data-e-type=\"container\" data-settings=\"{&quot;background_background&quot;:&quot;classic&quot;,&quot;jet_parallax_layout_list&quot;:[]}\">\n\t\t\t\t\t<div class=\"e-con-inner\">\n\t\t<div class=\"elementor-element elementor-element-1ce8b5f e-con-full e-flex e-con e-child\" data-id=\"1ce8b5f\" data-element_type=\"container\" data-e-type=\"container\" data-settings=\"{&quot;animation&quot;:&quot;none&quot;,&quot;jet_parallax_layout_list&quot;:[]}\">\n\t\t<div class=\"elementor-element elementor-element-78bcce6 e-con-full e-flex e-con e-child\" data-id=\"78bcce6\" data-element_type=\"container\" data-e-type=\"container\" data-settings=\"{&quot;background_background&quot;:&quot;classic&quot;,&quot;animation&quot;:&quot;none&quot;,&quot;jet_parallax_layout_list&quot;:[]}\">\n\t\t\t\t<div class=\"elementor-element elementor-element-e672c10 elementor-widget elementor-widget-image\" data-id=\"e672c10\" data-element_type=\"widget\" data-e-type=\"widget\" data-widget_type=\"image.default\">\n\t\t\t\t<div class=\"elementor-widget-container\">\n\t\t\t\t\t\t\t\t\t\t\t\t\t\t\t<img loading=\"lazy\" decoding=\"async\" width=\"1200\" height=\"800\" src=\"https:\/\/mergelrijk.nl\/wp-content\/uploads\/2025\/02\/xWebsite-Blokbrekers.jpg\" class=\"attachment-full size-full wp-image-747\" alt=\"Grottes de marne Limbourg | MergelRijk Valkenburg\" srcset=\"https:\/\/mergelrijk.nl\/wp-content\/uploads\/2025\/02\/xWebsite-Blokbrekers.jpg 1200w, https:\/\/mergelrijk.nl\/wp-content\/uploads\/2025\/02\/xWebsite-Blokbrekers-300x200.jpg 300w, https:\/\/mergelrijk.nl\/wp-content\/uploads\/2025\/02\/xWebsite-Blokbrekers-1024x683.jpg 1024w, https:\/\/mergelrijk.nl\/wp-content\/uploads\/2025\/02\/xWebsite-Blokbrekers-768x512.jpg 768w, https:\/\/mergelrijk.nl\/wp-content\/uploads\/2025\/02\/xWebsite-Blokbrekers-18x12.jpg 18w\" sizes=\"(max-width: 1200px) 100vw, 1200px\" title=\"\">\t\t\t\t\t\t\t\t\t\t\t\t\t\t\t<\/div>\n\t\t\t\t<\/div>\n\t\t\t\t<\/div>\n\t\t\t\t<\/div>\n\t\t<div class=\"elementor-element elementor-element-87b3f63 e-con-full e-flex e-con e-child\" data-id=\"87b3f63\" data-element_type=\"container\" data-e-type=\"container\" data-settings=\"{&quot;animation&quot;:&quot;none&quot;,&quot;jet_parallax_layout_list&quot;:[]}\">\n\t\t\t\t<div class=\"elementor-element elementor-element-534eba6 elementor-widget elementor-widget-heading\" data-id=\"534eba6\" data-element_type=\"widget\" data-e-type=\"widget\" data-widget_type=\"heading.default\">\n\t\t\t\t<div class=\"elementor-widget-container\">\n\t\t\t\t\t<h2 class=\"elementor-heading-title elementor-size-default\">Rupture de bloc<\/h2>\t\t\t\t<\/div>\n\t\t\t\t<\/div>\n\t\t\t\t<div class=\"elementor-element elementor-element-1310b58 elementor-widget elementor-widget-text-editor\" data-id=\"1310b58\" data-element_type=\"widget\" data-e-type=\"widget\" data-widget_type=\"text-editor.default\">\n\t\t\t\t<div class=\"elementor-widget-container\">\n\t\t\t\t\t\t\t\t\t<p>Apr\u00e8s avoir tout appris sur l'origine de la marne, il est temps de d\u00e9couvrir comment les syst\u00e8mes de couloirs, ou grottes de marne du Limbourg, ont \u00e9t\u00e9 cr\u00e9\u00e9s.<\/p><p>Le cassage de blocs est une technique mini\u00e8re qui consiste \u00e0 extraire de grands blocs de marne de la terre. Les blocs sont d\u00e9tach\u00e9s \u00e0 l'aide de scies et de burins. D'o\u00f9 le nom de cassage de blocs. \u00c0 MergelRijk, vous pouvez voir une belle sculpture en sable, plus vraie que nature, repr\u00e9sentant l'un des nombreux fermiers qui travaillaient comme casseur de blocs dans la grotte pendant les mois d'hiver.<\/p>\t\t\t\t\t\t\t\t<\/div>\n\t\t\t\t<\/div>\n\t\t\t\t<\/div>\n\t\t\t\t\t<\/div>\n\t\t\t\t<\/div>\n\t\t<div class=\"elementor-element elementor-element-e9cf918 e-flex e-con-boxed e-con e-parent\" data-id=\"e9cf918\" data-element_type=\"container\" data-e-type=\"container\" data-settings=\"{&quot;jet_parallax_layout_list&quot;:[]}\">\n\t\t\t\t\t<div class=\"e-con-inner\">\n\t\t<div class=\"elementor-element elementor-element-db4ab21 e-con-full e-flex e-con e-child\" data-id=\"db4ab21\" data-element_type=\"container\" data-e-type=\"container\" data-settings=\"{&quot;animation&quot;:&quot;none&quot;,&quot;jet_parallax_layout_list&quot;:[]}\">\n\t\t<div class=\"elementor-element elementor-element-d6f51bc e-con-full e-flex e-con e-child\" data-id=\"d6f51bc\" data-element_type=\"container\" data-e-type=\"container\" data-settings=\"{&quot;background_background&quot;:&quot;classic&quot;,&quot;animation&quot;:&quot;none&quot;,&quot;jet_parallax_layout_list&quot;:[]}\">\n\t\t\t\t<div class=\"elementor-element elementor-element-9342d55 elementor-widget elementor-widget-image\" data-id=\"9342d55\" data-element_type=\"widget\" data-e-type=\"widget\" data-widget_type=\"image.default\">\n\t\t\t\t<div class=\"elementor-widget-container\">\n\t\t\t\t\t\t\t\t\t\t\t\t\t\t\t<img loading=\"lazy\" decoding=\"async\" width=\"1200\" height=\"800\" src=\"https:\/\/mergelrijk.nl\/wp-content\/uploads\/2025\/02\/xWebsite-Mergelkunst-en-zandsculpturen.jpg\" class=\"attachment-full size-full wp-image-748\" alt=\"Grottes de marne Limbourg | MergelRijk Valkenburg\" srcset=\"https:\/\/mergelrijk.nl\/wp-content\/uploads\/2025\/02\/xWebsite-Mergelkunst-en-zandsculpturen.jpg 1200w, https:\/\/mergelrijk.nl\/wp-content\/uploads\/2025\/02\/xWebsite-Mergelkunst-en-zandsculpturen-300x200.jpg 300w, https:\/\/mergelrijk.nl\/wp-content\/uploads\/2025\/02\/xWebsite-Mergelkunst-en-zandsculpturen-1024x683.jpg 1024w, https:\/\/mergelrijk.nl\/wp-content\/uploads\/2025\/02\/xWebsite-Mergelkunst-en-zandsculpturen-768x512.jpg 768w, https:\/\/mergelrijk.nl\/wp-content\/uploads\/2025\/02\/xWebsite-Mergelkunst-en-zandsculpturen-18x12.jpg 18w\" sizes=\"(max-width: 1200px) 100vw, 1200px\" title=\"\">\t\t\t\t\t\t\t\t\t\t\t\t\t\t\t<\/div>\n\t\t\t\t<\/div>\n\t\t\t\t<\/div>\n\t\t\t\t<\/div>\n\t\t<div class=\"elementor-element elementor-element-5255925 e-con-full e-flex e-con e-child\" data-id=\"5255925\" data-element_type=\"container\" data-e-type=\"container\" data-settings=\"{&quot;animation&quot;:&quot;none&quot;,&quot;jet_parallax_layout_list&quot;:[]}\">\n\t\t\t\t<div class=\"elementor-element elementor-element-491e5b1 elementor-widget elementor-widget-heading\" data-id=\"491e5b1\" data-element_type=\"widget\" data-e-type=\"widget\" data-widget_type=\"heading.default\">\n\t\t\t\t<div class=\"elementor-widget-container\">\n\t\t\t\t\t<h2 class=\"elementor-heading-title elementor-size-default\">Art marneux et sculptures de sable<\/h2>\t\t\t\t<\/div>\n\t\t\t\t<\/div>\n\t\t\t\t<div class=\"elementor-element elementor-element-835dcf3 elementor-widget elementor-widget-text-editor\" data-id=\"835dcf3\" data-element_type=\"widget\" data-e-type=\"widget\" data-widget_type=\"text-editor.default\">\n\t\t\t\t<div class=\"elementor-widget-container\">\n\t\t\t\t\t\t\t\t\t<p>L'art marneux et les sculptures de sable sont deux formes d'art fascinantes que vous pouvez admirer \u00e0 MergelRijk. Les sculptures et les peintures murales ont \u00e9t\u00e9 cr\u00e9\u00e9es par des artisans et des artistes qui ont utilis\u00e9 leurs talents pour sculpter la pierre tendre et cr\u00e9er des \u0153uvres d'art allant de figures historiques \u00e0 l'art abstrait.<\/p><p>Il s'agit d'une exp\u00e9rience interactive o\u00f9 vous pouvez non seulement admirer les \u0153uvres d'art, mais aussi en apprendre davantage sur les diff\u00e9rentes techniques de travail de la marne. Cela ajoute un \u00e9l\u00e9ment artistique surprenant \u00e0 votre promenade dans la grotte. La plus grande \u0153uvre d'art expos\u00e9e est MergelRijk, une sculpture grandeur nature du tableau de Rembrandt van Rijn La Ronde de nuit, enti\u00e8rement r\u00e9alis\u00e9e en marne.<\/p>\t\t\t\t\t\t\t\t<\/div>\n\t\t\t\t<\/div>\n\t\t\t\t<\/div>\n\t\t\t\t\t<\/div>\n\t\t\t\t<\/div>\n\t\t<div class=\"elementor-element elementor-element-b14535a e-flex e-con-boxed e-con e-parent\" data-id=\"b14535a\" data-element_type=\"container\" data-e-type=\"container\" data-settings=\"{&quot;background_background&quot;:&quot;classic&quot;,&quot;jet_parallax_layout_list&quot;:[]}\">\n\t\t\t\t\t<div class=\"e-con-inner\">\n\t\t<div class=\"elementor-element elementor-element-44bfb37 e-con-full e-flex e-con e-child\" data-id=\"44bfb37\" data-element_type=\"container\" data-e-type=\"container\" data-settings=\"{&quot;animation&quot;:&quot;none&quot;,&quot;jet_parallax_layout_list&quot;:[]}\">\n\t\t<div class=\"elementor-element elementor-element-6e998f3 e-con-full e-flex e-con e-child\" data-id=\"6e998f3\" data-element_type=\"container\" data-e-type=\"container\" data-settings=\"{&quot;background_background&quot;:&quot;classic&quot;,&quot;animation&quot;:&quot;none&quot;,&quot;jet_parallax_layout_list&quot;:[]}\">\n\t\t\t\t<div class=\"elementor-element elementor-element-429ef75 elementor-widget elementor-widget-image\" data-id=\"429ef75\" data-element_type=\"widget\" data-e-type=\"widget\" data-widget_type=\"image.default\">\n\t\t\t\t<div class=\"elementor-widget-container\">\n\t\t\t\t\t\t\t\t\t\t\t\t\t\t\t<img loading=\"lazy\" decoding=\"async\" width=\"1200\" height=\"800\" src=\"https:\/\/mergelrijk.nl\/wp-content\/uploads\/2025\/02\/xWebsite-Architectuur.jpg\" class=\"attachment-full size-full wp-image-749\" alt=\"Grottes de marne Limbourg | MergelRijk Valkenburg\" srcset=\"https:\/\/mergelrijk.nl\/wp-content\/uploads\/2025\/02\/xWebsite-Architectuur.jpg 1200w, https:\/\/mergelrijk.nl\/wp-content\/uploads\/2025\/02\/xWebsite-Architectuur-300x200.jpg 300w, https:\/\/mergelrijk.nl\/wp-content\/uploads\/2025\/02\/xWebsite-Architectuur-1024x683.jpg 1024w, https:\/\/mergelrijk.nl\/wp-content\/uploads\/2025\/02\/xWebsite-Architectuur-768x512.jpg 768w, https:\/\/mergelrijk.nl\/wp-content\/uploads\/2025\/02\/xWebsite-Architectuur-18x12.jpg 18w\" sizes=\"(max-width: 1200px) 100vw, 1200px\" title=\"\">\t\t\t\t\t\t\t\t\t\t\t\t\t\t\t<\/div>\n\t\t\t\t<\/div>\n\t\t\t\t<\/div>\n\t\t\t\t<\/div>\n\t\t<div class=\"elementor-element elementor-element-3d9333f e-con-full e-flex e-con e-child\" data-id=\"3d9333f\" data-element_type=\"container\" data-e-type=\"container\" data-settings=\"{&quot;animation&quot;:&quot;none&quot;,&quot;jet_parallax_layout_list&quot;:[]}\">\n\t\t\t\t<div class=\"elementor-element elementor-element-5a8a7c4 elementor-widget elementor-widget-heading\" data-id=\"5a8a7c4\" data-element_type=\"widget\" data-e-type=\"widget\" data-widget_type=\"heading.default\">\n\t\t\t\t<div class=\"elementor-widget-container\">\n\t\t\t\t\t<h2 class=\"elementor-heading-title elementor-size-default\">Architecture<\/h2>\t\t\t\t<\/div>\n\t\t\t\t<\/div>\n\t\t\t\t<div class=\"elementor-element elementor-element-b1af2ba elementor-widget elementor-widget-text-editor\" data-id=\"b1af2ba\" data-element_type=\"widget\" data-e-type=\"widget\" data-widget_type=\"text-editor.default\">\n\t\t\t\t<div class=\"elementor-widget-container\">\n\t\t\t\t\t\t\t\t\tL'architecture avec la marne est un sujet tr\u00e8s vaste, en particulier dans la r\u00e9gion du Limbourg m\u00e9ridional, o\u00f9 la marne a \u00e9t\u00e9 un mat\u00e9riau de construction important. La marne est un calcaire relativement tendre et donc facile \u00e0 travailler, ce qui en fait un mat\u00e9riau id\u00e9al pour la construction de structures historiques et modernes. Au Moyen \u00c2ge et au d\u00e9but de l'\u00e9poque moderne, la marne a \u00e9t\u00e9 largement utilis\u00e9e pour construire des \u00e9glises, des ch\u00e2teaux, des remparts et des maisons dans le Limbourg et dans d'autres r\u00e9gions des Pays-Bas et de la Belgique.\n\nPierre Cuypers est un architecte bien connu qui a souvent utilis\u00e9 la marne pour ses projets. Une sculpture de sable grandeur nature lui donne vie \u00e0 MergelRijk.\t\t\t\t\t\t\t\t<\/div>\n\t\t\t\t<\/div>\n\t\t\t\t<\/div>\n\t\t\t\t\t<\/div>\n\t\t\t\t<\/div>\n\t\t<div class=\"elementor-element elementor-element-46083ae e-flex e-con-boxed e-con e-parent\" data-id=\"46083ae\" data-element_type=\"container\" data-e-type=\"container\" data-settings=\"{&quot;jet_parallax_layout_list&quot;:[]}\">\n\t\t\t\t\t<div class=\"e-con-inner\">\n\t\t<div class=\"elementor-element elementor-element-6fe52e1 e-con-full e-flex e-con e-child\" data-id=\"6fe52e1\" data-element_type=\"container\" data-e-type=\"container\" data-settings=\"{&quot;animation&quot;:&quot;none&quot;,&quot;jet_parallax_layout_list&quot;:[]}\">\n\t\t<div class=\"elementor-element elementor-element-b814112 e-con-full e-flex e-con e-child\" data-id=\"b814112\" data-element_type=\"container\" data-e-type=\"container\" data-settings=\"{&quot;background_background&quot;:&quot;classic&quot;,&quot;animation&quot;:&quot;none&quot;,&quot;jet_parallax_layout_list&quot;:[]}\">\n\t\t\t\t<div class=\"elementor-element elementor-element-cf9a6a7 elementor-widget elementor-widget-image\" data-id=\"cf9a6a7\" data-element_type=\"widget\" data-e-type=\"widget\" data-widget_type=\"image.default\">\n\t\t\t\t<div class=\"elementor-widget-container\">\n\t\t\t\t\t\t\t\t\t\t\t\t\t\t\t<img loading=\"lazy\" decoding=\"async\" width=\"1200\" height=\"800\" src=\"https:\/\/mergelrijk.nl\/wp-content\/uploads\/2025\/02\/xWebsite-Schuilen-in-de-grotten.jpg\" class=\"attachment-full size-full wp-image-750\" alt=\"Grottes de marne Limbourg | MergelRijk Valkenburg\" srcset=\"https:\/\/mergelrijk.nl\/wp-content\/uploads\/2025\/02\/xWebsite-Schuilen-in-de-grotten.jpg 1200w, https:\/\/mergelrijk.nl\/wp-content\/uploads\/2025\/02\/xWebsite-Schuilen-in-de-grotten-300x200.jpg 300w, https:\/\/mergelrijk.nl\/wp-content\/uploads\/2025\/02\/xWebsite-Schuilen-in-de-grotten-1024x683.jpg 1024w, https:\/\/mergelrijk.nl\/wp-content\/uploads\/2025\/02\/xWebsite-Schuilen-in-de-grotten-768x512.jpg 768w, https:\/\/mergelrijk.nl\/wp-content\/uploads\/2025\/02\/xWebsite-Schuilen-in-de-grotten-18x12.jpg 18w\" sizes=\"(max-width: 1200px) 100vw, 1200px\" title=\"\">\t\t\t\t\t\t\t\t\t\t\t\t\t\t\t<\/div>\n\t\t\t\t<\/div>\n\t\t\t\t<\/div>\n\t\t\t\t<\/div>\n\t\t<div class=\"elementor-element elementor-element-bbecfa2 e-con-full e-flex e-con e-child\" data-id=\"bbecfa2\" data-element_type=\"container\" data-e-type=\"container\" data-settings=\"{&quot;animation&quot;:&quot;none&quot;,&quot;jet_parallax_layout_list&quot;:[]}\">\n\t\t\t\t<div class=\"elementor-element elementor-element-6c75603 elementor-widget elementor-widget-heading\" data-id=\"6c75603\" data-element_type=\"widget\" data-e-type=\"widget\" data-widget_type=\"heading.default\">\n\t\t\t\t<div class=\"elementor-widget-container\">\n\t\t\t\t\t<h2 class=\"elementor-heading-title elementor-size-default\">Se cacher dans les grottes<\/h2>\t\t\t\t<\/div>\n\t\t\t\t<\/div>\n\t\t\t\t<div class=\"elementor-element elementor-element-a3b920e elementor-widget elementor-widget-text-editor\" data-id=\"a3b920e\" data-element_type=\"widget\" data-e-type=\"widget\" data-widget_type=\"text-editor.default\">\n\t\t\t\t<div class=\"elementor-widget-container\">\n\t\t\t\t\t\t\t\t\tLes grottes de marne du Limbourg ont servi d'abris ou de cachettes \u00e0 diff\u00e9rentes \u00e9poques. Cela s'est produit principalement en temps de guerre, de conflit ou de conditions dangereuses. Plusieurs familles se sont cach\u00e9es dans la grotte de MergelRijk pendant la Seconde Guerre mondiale, dans la partie la plus profonde de la grotte, celle que nous appelons aujourd'hui la grotte Thomas Diddengroeve.\n\n\u00c0 MergelRijk, vous pouvez \u00e9galement admirer une tr\u00e8s belle chapelle cach\u00e9e avec autel, o\u00f9 des c\u00e9l\u00e9brations religieuses (interdites) \u00e9taient secr\u00e8tement organis\u00e9es pendant la p\u00e9riode de l'occupation fran\u00e7aise \u00e0 la fin du 18e si\u00e8cle.\t\t\t\t\t\t\t\t<\/div>\n\t\t\t\t<\/div>\n\t\t\t\t<\/div>\n\t\t\t\t\t<\/div>\n\t\t\t\t<\/div>\n\t\t<div class=\"elementor-element elementor-element-225ae97 e-flex e-con-boxed e-con e-parent\" data-id=\"225ae97\" data-element_type=\"container\" data-e-type=\"container\" data-settings=\"{&quot;background_background&quot;:&quot;classic&quot;,&quot;jet_parallax_layout_list&quot;:[]}\">\n\t\t\t\t\t<div class=\"e-con-inner\">\n\t\t<div class=\"elementor-element elementor-element-4310ab9 e-con-full e-flex e-con e-child\" data-id=\"4310ab9\" data-element_type=\"container\" data-e-type=\"container\" data-settings=\"{&quot;animation&quot;:&quot;none&quot;,&quot;jet_parallax_layout_list&quot;:[]}\">\n\t\t<div class=\"elementor-element elementor-element-3a9b4cb e-con-full e-flex e-con e-child\" data-id=\"3a9b4cb\" data-element_type=\"container\" data-e-type=\"container\" data-settings=\"{&quot;background_background&quot;:&quot;classic&quot;,&quot;animation&quot;:&quot;none&quot;,&quot;jet_parallax_layout_list&quot;:[]}\">\n\t\t\t\t<div class=\"elementor-element elementor-element-c2949bb elementor-widget elementor-widget-image\" data-id=\"c2949bb\" data-element_type=\"widget\" data-e-type=\"widget\" data-widget_type=\"image.default\">\n\t\t\t\t<div class=\"elementor-widget-container\">\n\t\t\t\t\t\t\t\t\t\t\t\t\t\t\t<img loading=\"lazy\" decoding=\"async\" width=\"1200\" height=\"800\" src=\"https:\/\/mergelrijk.nl\/wp-content\/uploads\/2025\/02\/xWebstie-Legendes.jpg\" class=\"attachment-full size-full wp-image-751\" alt=\"Grottes de marne Limbourg | MergelRijk Valkenburg\" srcset=\"https:\/\/mergelrijk.nl\/wp-content\/uploads\/2025\/02\/xWebstie-Legendes.jpg 1200w, https:\/\/mergelrijk.nl\/wp-content\/uploads\/2025\/02\/xWebstie-Legendes-300x200.jpg 300w, https:\/\/mergelrijk.nl\/wp-content\/uploads\/2025\/02\/xWebstie-Legendes-1024x683.jpg 1024w, https:\/\/mergelrijk.nl\/wp-content\/uploads\/2025\/02\/xWebstie-Legendes-768x512.jpg 768w, https:\/\/mergelrijk.nl\/wp-content\/uploads\/2025\/02\/xWebstie-Legendes-18x12.jpg 18w\" sizes=\"(max-width: 1200px) 100vw, 1200px\" title=\"\">\t\t\t\t\t\t\t\t\t\t\t\t\t\t\t<\/div>\n\t\t\t\t<\/div>\n\t\t\t\t<\/div>\n\t\t\t\t<\/div>\n\t\t<div class=\"elementor-element elementor-element-3096e9a e-con-full e-flex e-con e-child\" data-id=\"3096e9a\" data-element_type=\"container\" data-e-type=\"container\" data-settings=\"{&quot;animation&quot;:&quot;none&quot;,&quot;jet_parallax_layout_list&quot;:[]}\">\n\t\t\t\t<div class=\"elementor-element elementor-element-572fc94 elementor-widget elementor-widget-heading\" data-id=\"572fc94\" data-element_type=\"widget\" data-e-type=\"widget\" data-widget_type=\"heading.default\">\n\t\t\t\t<div class=\"elementor-widget-container\">\n\t\t\t\t\t<h2 class=\"elementor-heading-title elementor-size-default\">L\u00e9gendes<\/h2>\t\t\t\t<\/div>\n\t\t\t\t<\/div>\n\t\t\t\t<div class=\"elementor-element elementor-element-4470704 elementor-widget elementor-widget-text-editor\" data-id=\"4470704\" data-element_type=\"widget\" data-e-type=\"widget\" data-widget_type=\"text-editor.default\">\n\t\t\t\t<div class=\"elementor-widget-container\">\n\t\t\t\t\t\t\t\t\t<p>Plusieurs l\u00e9gendes et histoires entourent les grottes de marne du Limbourg m\u00e9ridional. Creus\u00e9es au fil des si\u00e8cles pour l'extraction de la marne, les grottes ont toujours eu une aura myst\u00e9rieuse. Les couloirs sombres et parfois labyrinthiques, combin\u00e9s \u00e0 l'histoire ancienne et \u00e0 l'utilisation des grottes \u00e0 toutes sortes de fins, ont contribu\u00e9 \u00e0 la cr\u00e9ation de nombreux contes folkloriques.<br \/><br \/>Les deux l\u00e9gendes les plus connues qui se sont d\u00e9roul\u00e9es dans les grottes et qui sont repr\u00e9sent\u00e9es dans MergelRijk sont celles des Bokkerijders et des Auvermennekes.<\/p>\t\t\t\t\t\t\t\t<\/div>\n\t\t\t\t<\/div>\n\t\t\t\t<\/div>\n\t\t\t\t\t<\/div>\n\t\t\t\t<\/div>\n\t\t<div class=\"elementor-element elementor-element-8b0ba56 e-flex e-con-boxed e-con e-parent\" data-id=\"8b0ba56\" data-element_type=\"container\" data-e-type=\"container\" data-settings=\"{&quot;jet_parallax_layout_list&quot;:[]}\">\n\t\t\t\t\t<div class=\"e-con-inner\">\n\t\t<div class=\"elementor-element elementor-element-beb7ff8 e-con-full e-flex e-con e-child\" data-id=\"beb7ff8\" data-element_type=\"container\" data-e-type=\"container\" data-settings=\"{&quot;animation&quot;:&quot;none&quot;,&quot;jet_parallax_layout_list&quot;:[]}\">\n\t\t<div class=\"elementor-element elementor-element-6ba9d0b e-con-full e-flex e-con e-child\" data-id=\"6ba9d0b\" data-element_type=\"container\" data-e-type=\"container\" data-settings=\"{&quot;background_background&quot;:&quot;classic&quot;,&quot;animation&quot;:&quot;none&quot;,&quot;jet_parallax_layout_list&quot;:[]}\">\n\t\t\t\t<div class=\"elementor-element elementor-element-ce6bc14 elementor-widget elementor-widget-image\" data-id=\"ce6bc14\" data-element_type=\"widget\" data-e-type=\"widget\" data-widget_type=\"image.default\">\n\t\t\t\t<div class=\"elementor-widget-container\">\n\t\t\t\t\t\t\t\t\t\t\t\t\t\t\t<img loading=\"lazy\" decoding=\"async\" width=\"1200\" height=\"800\" src=\"https:\/\/mergelrijk.nl\/wp-content\/uploads\/2025\/02\/xWebsite-DinoRijk.jpg\" class=\"attachment-full size-full wp-image-752\" alt=\"Grottes de marne Limbourg | MergelRijk Valkenburg\" srcset=\"https:\/\/mergelrijk.nl\/wp-content\/uploads\/2025\/02\/xWebsite-DinoRijk.jpg 1200w, https:\/\/mergelrijk.nl\/wp-content\/uploads\/2025\/02\/xWebsite-DinoRijk-300x200.jpg 300w, https:\/\/mergelrijk.nl\/wp-content\/uploads\/2025\/02\/xWebsite-DinoRijk-1024x683.jpg 1024w, https:\/\/mergelrijk.nl\/wp-content\/uploads\/2025\/02\/xWebsite-DinoRijk-768x512.jpg 768w, https:\/\/mergelrijk.nl\/wp-content\/uploads\/2025\/02\/xWebsite-DinoRijk-18x12.jpg 18w\" sizes=\"(max-width: 1200px) 100vw, 1200px\" title=\"\">\t\t\t\t\t\t\t\t\t\t\t\t\t\t\t<\/div>\n\t\t\t\t<\/div>\n\t\t\t\t<\/div>\n\t\t\t\t<\/div>\n\t\t<div class=\"elementor-element elementor-element-6bbf594 e-con-full e-flex e-con e-child\" data-id=\"6bbf594\" data-element_type=\"container\" data-e-type=\"container\" data-settings=\"{&quot;animation&quot;:&quot;none&quot;,&quot;jet_parallax_layout_list&quot;:[]}\">\n\t\t\t\t<div class=\"elementor-element elementor-element-cee586d elementor-widget elementor-widget-heading\" data-id=\"cee586d\" data-element_type=\"widget\" data-e-type=\"widget\" data-widget_type=\"heading.default\">\n\t\t\t\t<div class=\"elementor-widget-container\">\n\t\t\t\t\t<h2 class=\"elementor-heading-title elementor-size-default\">DinoRich<\/h2>\t\t\t\t<\/div>\n\t\t\t\t<\/div>\n\t\t\t\t<div class=\"elementor-element elementor-element-6a78a59 elementor-widget elementor-widget-text-editor\" data-id=\"6a78a59\" data-element_type=\"widget\" data-e-type=\"widget\" data-widget_type=\"text-editor.default\">\n\t\t\t\t<div class=\"elementor-widget-container\">\n\t\t\t\t\t\t\t\t\t<p>Dinorijk est une zone th\u00e9matique de MergelRijk qui tourne enti\u00e8rement autour de la pr\u00e9histoire, et plus particuli\u00e8rement de l'\u00e9poque des dinosaures. Dans DinoRijk, vous pouvez d\u00e9couvrir par vous-m\u00eame ce qu'\u00e9tait la vie sur terre \u00e0 l'\u00e9poque des dinosaures. Dinorijk propose une exp\u00e9rience interactive o\u00f9 vous pouvez voir des mod\u00e8les de dinosaures grandeur nature. Ces mod\u00e8les sont parfois mobiles et peuvent \u00e9mettre des sons, ce qui donne l'impression que les dinosaures prennent vie.<\/p><p>L'environnement est th\u00e9matique, avec des plantes, des arbres et des d\u00e9corations qui vous donnent l'impression d'\u00eatre r\u00e9ellement \u00e0 l'\u00e9poque des dinosaures. Oserez-vous vous approcher du T-Rex ?<\/p>\t\t\t\t\t\t\t\t<\/div>\n\t\t\t\t<\/div>\n\t\t\t\t<\/div>\n\t\t\t\t\t<\/div>\n\t\t\t\t<\/div>\n\t\t<div class=\"elementor-element elementor-element-b0d58b7 e-flex e-con-boxed e-con e-parent\" data-id=\"b0d58b7\" data-element_type=\"container\" data-e-type=\"container\" data-settings=\"{&quot;background_background&quot;:&quot;classic&quot;,&quot;jet_parallax_layout_list&quot;:[]}\">\n\t\t\t\t\t<div class=\"e-con-inner\">\n\t\t<div class=\"elementor-element elementor-element-b224294 e-con-full e-flex e-con e-child\" data-id=\"b224294\" data-element_type=\"container\" data-e-type=\"container\" data-settings=\"{&quot;animation&quot;:&quot;none&quot;,&quot;jet_parallax_layout_list&quot;:[]}\">\n\t\t<div class=\"elementor-element elementor-element-bbc9dd7 e-con-full e-flex e-con e-child\" data-id=\"bbc9dd7\" data-element_type=\"container\" data-e-type=\"container\" data-settings=\"{&quot;background_background&quot;:&quot;classic&quot;,&quot;animation&quot;:&quot;none&quot;,&quot;jet_parallax_layout_list&quot;:[]}\">\n\t\t\t\t<div class=\"elementor-element elementor-element-dd241ad elementor-widget elementor-widget-image\" data-id=\"dd241ad\" data-element_type=\"widget\" data-e-type=\"widget\" data-widget_type=\"image.default\">\n\t\t\t\t<div class=\"elementor-widget-container\">\n\t\t\t\t\t\t\t\t\t\t\t\t\t\t\t<img loading=\"lazy\" decoding=\"async\" width=\"1200\" height=\"800\" src=\"https:\/\/mergelrijk.nl\/wp-content\/uploads\/2025\/02\/xWebsite-Thomas-Diddengroeve.jpg\" class=\"attachment-full size-full wp-image-753\" alt=\"Grottes de marne Limbourg | MergelRijk Valkenburg\" srcset=\"https:\/\/mergelrijk.nl\/wp-content\/uploads\/2025\/02\/xWebsite-Thomas-Diddengroeve.jpg 1200w, https:\/\/mergelrijk.nl\/wp-content\/uploads\/2025\/02\/xWebsite-Thomas-Diddengroeve-300x200.jpg 300w, https:\/\/mergelrijk.nl\/wp-content\/uploads\/2025\/02\/xWebsite-Thomas-Diddengroeve-1024x683.jpg 1024w, https:\/\/mergelrijk.nl\/wp-content\/uploads\/2025\/02\/xWebsite-Thomas-Diddengroeve-768x512.jpg 768w, https:\/\/mergelrijk.nl\/wp-content\/uploads\/2025\/02\/xWebsite-Thomas-Diddengroeve-18x12.jpg 18w\" sizes=\"(max-width: 1200px) 100vw, 1200px\" title=\"\">\t\t\t\t\t\t\t\t\t\t\t\t\t\t\t<\/div>\n\t\t\t\t<\/div>\n\t\t\t\t<\/div>\n\t\t\t\t<\/div>\n\t\t<div class=\"elementor-element elementor-element-b61b22c e-con-full e-flex e-con e-child\" data-id=\"b61b22c\" data-element_type=\"container\" data-e-type=\"container\" data-settings=\"{&quot;animation&quot;:&quot;none&quot;,&quot;jet_parallax_layout_list&quot;:[]}\">\n\t\t\t\t<div class=\"elementor-element elementor-element-dbc88f6 elementor-widget elementor-widget-heading\" data-id=\"dbc88f6\" data-element_type=\"widget\" data-e-type=\"widget\" data-widget_type=\"heading.default\">\n\t\t\t\t<div class=\"elementor-widget-container\">\n\t\t\t\t\t<h2 class=\"elementor-heading-title elementor-size-default\">Thomas Diddengroeve<\/h2>\t\t\t\t<\/div>\n\t\t\t\t<\/div>\n\t\t\t\t<div class=\"elementor-element elementor-element-08ff80c elementor-widget elementor-widget-text-editor\" data-id=\"08ff80c\" data-element_type=\"widget\" data-e-type=\"widget\" data-widget_type=\"text-editor.default\">\n\t\t\t\t<div class=\"elementor-widget-container\">\n\t\t\t\t\t\t\t\t\t<p>Une partie de la grotte porte le nom de Thomas Didden, qui a laiss\u00e9 son nom dans la grotte en 1706. La carri\u00e8re Thomas Didden a \u00e9t\u00e9 ferm\u00e9e pendant des si\u00e8cles et n'est ouverte au public que depuis 2019. La particularit\u00e9 de cette partie la plus profonde de la grotte est qu'elle est rest\u00e9e dans l'\u00e9tat o\u00f9 les casseurs de blocs l'ont laiss\u00e9e il y a des centaines d'ann\u00e9es. Elle a \u00e9galement servi de cachette \u00e0 certaines familles pendant la Seconde Guerre mondiale.<\/p><p>A 25 m\u00e8tres sous terre, vous go\u00fbterez au silence serein et \u00e0 l'absence de lumi\u00e8re et vous vous imaginerez dans les conditions dans lesquelles les casseurs de blocs travaillaient chaque jour ou ce que c'\u00e9tait que d'y rester cach\u00e9. Comme Thomas Didden en 1706, vous pouvez vous aussi immortaliser votre nom sur une paroi de cette carri\u00e8re !<\/p>\t\t\t\t\t\t\t\t<\/div>\n\t\t\t\t<\/div>\n\t\t\t\t<\/div>\n\t\t\t\t\t<\/div>\n\t\t\t\t<\/div>\n\t\t<div class=\"elementor-element elementor-element-3839cbb e-flex e-con-boxed e-con e-parent\" data-id=\"3839cbb\" data-element_type=\"container\" data-e-type=\"container\" data-settings=\"{&quot;jet_parallax_layout_list&quot;:[]}\">\n\t\t\t\t\t<div class=\"e-con-inner\">\n\t\t<div class=\"elementor-element elementor-element-13d42e8 e-con-full e-flex e-con e-child\" data-id=\"13d42e8\" data-element_type=\"container\" data-e-type=\"container\" data-settings=\"{&quot;animation&quot;:&quot;none&quot;,&quot;jet_parallax_layout_list&quot;:[]}\">\n\t\t<div class=\"elementor-element elementor-element-9b32736 e-con-full e-flex e-con e-child\" data-id=\"9b32736\" data-element_type=\"container\" data-e-type=\"container\" data-settings=\"{&quot;background_background&quot;:&quot;classic&quot;,&quot;animation&quot;:&quot;none&quot;,&quot;jet_parallax_layout_list&quot;:[]}\">\n\t\t\t\t<div class=\"elementor-element elementor-element-246058e elementor-widget elementor-widget-image\" data-id=\"246058e\" data-element_type=\"widget\" data-e-type=\"widget\" data-widget_type=\"image.default\">\n\t\t\t\t<div class=\"elementor-widget-container\">\n\t\t\t\t\t\t\t\t\t\t\t\t\t\t\t<img loading=\"lazy\" decoding=\"async\" width=\"1200\" height=\"800\" src=\"https:\/\/mergelrijk.nl\/wp-content\/uploads\/2025\/02\/xWebsite-Champignonteelt.jpg\" class=\"attachment-full size-full wp-image-754\" alt=\"Grottes de marne Limbourg | MergelRijk Valkenburg\" srcset=\"https:\/\/mergelrijk.nl\/wp-content\/uploads\/2025\/02\/xWebsite-Champignonteelt.jpg 1200w, https:\/\/mergelrijk.nl\/wp-content\/uploads\/2025\/02\/xWebsite-Champignonteelt-300x200.jpg 300w, https:\/\/mergelrijk.nl\/wp-content\/uploads\/2025\/02\/xWebsite-Champignonteelt-1024x683.jpg 1024w, https:\/\/mergelrijk.nl\/wp-content\/uploads\/2025\/02\/xWebsite-Champignonteelt-768x512.jpg 768w, https:\/\/mergelrijk.nl\/wp-content\/uploads\/2025\/02\/xWebsite-Champignonteelt-18x12.jpg 18w\" sizes=\"(max-width: 1200px) 100vw, 1200px\" title=\"\">\t\t\t\t\t\t\t\t\t\t\t\t\t\t\t<\/div>\n\t\t\t\t<\/div>\n\t\t\t\t<\/div>\n\t\t\t\t<\/div>\n\t\t<div class=\"elementor-element elementor-element-9a3ddae e-con-full e-flex e-con e-child\" data-id=\"9a3ddae\" data-element_type=\"container\" data-e-type=\"container\" data-settings=\"{&quot;animation&quot;:&quot;none&quot;,&quot;jet_parallax_layout_list&quot;:[]}\">\n\t\t\t\t<div class=\"elementor-element elementor-element-d0b4d2d elementor-widget elementor-widget-heading\" data-id=\"d0b4d2d\" data-element_type=\"widget\" data-e-type=\"widget\" data-widget_type=\"heading.default\">\n\t\t\t\t<div class=\"elementor-widget-container\">\n\t\t\t\t\t<h2 class=\"elementor-heading-title elementor-size-default\">Culture de champignons<\/h2>\t\t\t\t<\/div>\n\t\t\t\t<\/div>\n\t\t\t\t<div class=\"elementor-element elementor-element-4b49840 elementor-widget elementor-widget-text-editor\" data-id=\"4b49840\" data-element_type=\"widget\" data-e-type=\"widget\" data-widget_type=\"text-editor.default\">\n\t\t\t\t<div class=\"elementor-widget-container\">\n\t\t\t\t\t\t\t\t\t<p>La culture des champignons dans les grottes de marne est un aspect unique de l'histoire agricole du Limbourg. Les avantages naturels des grottes, tels que la temp\u00e9rature et l'humidit\u00e9 constantes, ont fait de cette m\u00e9thode un moyen id\u00e9al de cultiver les champignons, surtout au 20e si\u00e8cle.<br \/><br \/>La culture dans les grottes est moins courante de nos jours, mais \u00e0 MergelRijk, on peut encore voir comment cela se faisait autrefois. Une sc\u00e8ne r\u00e9aliste de culture de champignons des cavernes, r\u00e9alis\u00e9e en art du sable et illustr\u00e9e par un bulletin d'information original des ann\u00e9es 1950, \u00e9poque o\u00f9 la culture des champignons des cavernes \u00e9tait florissante, en est la preuve.<\/p>\t\t\t\t\t\t\t\t<\/div>\n\t\t\t\t<\/div>\n\t\t\t\t<\/div>\n\t\t\t\t\t<\/div>\n\t\t\t\t<\/div>\n\t\t<div class=\"elementor-element elementor-element-c7c6dce e-flex e-con-boxed e-con e-parent\" data-id=\"c7c6dce\" data-element_type=\"container\" data-e-type=\"container\" data-settings=\"{&quot;background_background&quot;:&quot;classic&quot;,&quot;jet_parallax_layout_list&quot;:[]}\">\n\t\t\t\t\t<div class=\"e-con-inner\">\n\t\t<div class=\"elementor-element elementor-element-7fe4e88 e-con-full e-flex e-con e-child\" data-id=\"7fe4e88\" data-element_type=\"container\" data-e-type=\"container\" data-settings=\"{&quot;animation&quot;:&quot;none&quot;,&quot;jet_parallax_layout_list&quot;:[]}\">\n\t\t<div class=\"elementor-element elementor-element-438dc3f e-con-full e-flex e-con e-child\" data-id=\"438dc3f\" data-element_type=\"container\" data-e-type=\"container\" data-settings=\"{&quot;background_background&quot;:&quot;classic&quot;,&quot;animation&quot;:&quot;none&quot;,&quot;jet_parallax_layout_list&quot;:[]}\">\n\t\t\t\t<div class=\"elementor-element elementor-element-219e849 elementor-widget elementor-widget-image\" data-id=\"219e849\" data-element_type=\"widget\" data-e-type=\"widget\" data-widget_type=\"image.default\">\n\t\t\t\t<div class=\"elementor-widget-container\">\n\t\t\t\t\t\t\t\t\t\t\t\t\t\t\t<img loading=\"lazy\" decoding=\"async\" width=\"1200\" height=\"800\" src=\"https:\/\/mergelrijk.nl\/wp-content\/uploads\/2025\/02\/xWebsite-Vleermuizen.jpg\" class=\"attachment-full size-full wp-image-755\" alt=\"Grottes de marne Limbourg | MergelRijk Valkenburg\" srcset=\"https:\/\/mergelrijk.nl\/wp-content\/uploads\/2025\/02\/xWebsite-Vleermuizen.jpg 1200w, https:\/\/mergelrijk.nl\/wp-content\/uploads\/2025\/02\/xWebsite-Vleermuizen-300x200.jpg 300w, https:\/\/mergelrijk.nl\/wp-content\/uploads\/2025\/02\/xWebsite-Vleermuizen-1024x683.jpg 1024w, https:\/\/mergelrijk.nl\/wp-content\/uploads\/2025\/02\/xWebsite-Vleermuizen-768x512.jpg 768w, https:\/\/mergelrijk.nl\/wp-content\/uploads\/2025\/02\/xWebsite-Vleermuizen-18x12.jpg 18w\" sizes=\"(max-width: 1200px) 100vw, 1200px\" title=\"\">\t\t\t\t\t\t\t\t\t\t\t\t\t\t\t<\/div>\n\t\t\t\t<\/div>\n\t\t\t\t<\/div>\n\t\t\t\t<\/div>\n\t\t<div class=\"elementor-element elementor-element-66c38cd e-con-full e-flex e-con e-child\" data-id=\"66c38cd\" data-element_type=\"container\" data-e-type=\"container\" data-settings=\"{&quot;animation&quot;:&quot;none&quot;,&quot;jet_parallax_layout_list&quot;:[]}\">\n\t\t\t\t<div class=\"elementor-element elementor-element-d6931b2 elementor-widget elementor-widget-heading\" data-id=\"d6931b2\" data-element_type=\"widget\" data-e-type=\"widget\" data-widget_type=\"heading.default\">\n\t\t\t\t<div class=\"elementor-widget-container\">\n\t\t\t\t\t<h2 class=\"elementor-heading-title elementor-size-default\">Chauves-souris<\/h2>\t\t\t\t<\/div>\n\t\t\t\t<\/div>\n\t\t\t\t<div class=\"elementor-element elementor-element-d314b6c elementor-widget elementor-widget-text-editor\" data-id=\"d314b6c\" data-element_type=\"widget\" data-e-type=\"widget\" data-widget_type=\"text-editor.default\">\n\t\t\t\t<div class=\"elementor-widget-container\">\n\t\t\t\t\t\t\t\t\t<p>Les grottes du Limbourg m\u00e9ridional sont un refuge id\u00e9al pour les chauves-souris, principalement parce qu'elles offrent un environnement frais, sombre et calme, ce qui constitue les conditions id\u00e9ales pour le repos, l'hibernation et la reproduction des chauves-souris.<\/p>\n<p>Il n'y a pas de chauve-souris \u00e0 MergelRijk, mais comme ces cr\u00e9atures fascinantes sont associ\u00e9es aux grottes de marne, elles sont pr\u00e9sent\u00e9es de mani\u00e8re attrayante \u00e0 MergelRijk.<\/p>\t\t\t\t\t\t\t\t<\/div>\n\t\t\t\t<\/div>\n\t\t\t\t<\/div>\n\t\t\t\t\t<\/div>\n\t\t\t\t<\/div>\n\t\t<div class=\"elementor-element elementor-element-7b7f343 e-flex e-con-boxed e-con e-parent\" data-id=\"7b7f343\" data-element_type=\"container\" data-e-type=\"container\" data-settings=\"{&quot;jet_parallax_layout_list&quot;:[]}\">\n\t\t\t\t\t<div class=\"e-con-inner\">\n\t\t<div class=\"elementor-element elementor-element-3f94391 e-con-full e-flex e-con e-child\" data-id=\"3f94391\" data-element_type=\"container\" data-e-type=\"container\" data-settings=\"{&quot;animation&quot;:&quot;none&quot;,&quot;jet_parallax_layout_list&quot;:[]}\">\n\t\t<div class=\"elementor-element elementor-element-963a35a e-con-full e-flex e-con e-child\" data-id=\"963a35a\" data-element_type=\"container\" data-e-type=\"container\" data-settings=\"{&quot;background_background&quot;:&quot;classic&quot;,&quot;animation&quot;:&quot;none&quot;,&quot;jet_parallax_layout_list&quot;:[]}\">\n\t\t\t\t<div class=\"elementor-element elementor-element-ef83f91 elementor-widget elementor-widget-image\" data-id=\"ef83f91\" data-element_type=\"widget\" data-e-type=\"widget\" data-widget_type=\"image.default\">\n\t\t\t\t<div class=\"elementor-widget-container\">\n\t\t\t\t\t\t\t\t\t\t\t\t\t\t\t<img loading=\"lazy\" decoding=\"async\" width=\"1200\" height=\"800\" src=\"https:\/\/mergelrijk.nl\/wp-content\/uploads\/2025\/02\/xWebsite-Toerisme-en-Kasteel-van-Valkenburg.jpg\" class=\"attachment-full size-full wp-image-756\" alt=\"Grottes de marne Limbourg | MergelRijk Valkenburg\" srcset=\"https:\/\/mergelrijk.nl\/wp-content\/uploads\/2025\/02\/xWebsite-Toerisme-en-Kasteel-van-Valkenburg.jpg 1200w, https:\/\/mergelrijk.nl\/wp-content\/uploads\/2025\/02\/xWebsite-Toerisme-en-Kasteel-van-Valkenburg-300x200.jpg 300w, https:\/\/mergelrijk.nl\/wp-content\/uploads\/2025\/02\/xWebsite-Toerisme-en-Kasteel-van-Valkenburg-1024x683.jpg 1024w, https:\/\/mergelrijk.nl\/wp-content\/uploads\/2025\/02\/xWebsite-Toerisme-en-Kasteel-van-Valkenburg-768x512.jpg 768w, https:\/\/mergelrijk.nl\/wp-content\/uploads\/2025\/02\/xWebsite-Toerisme-en-Kasteel-van-Valkenburg-18x12.jpg 18w\" sizes=\"(max-width: 1200px) 100vw, 1200px\" title=\"\">\t\t\t\t\t\t\t\t\t\t\t\t\t\t\t<\/div>\n\t\t\t\t<\/div>\n\t\t\t\t<\/div>\n\t\t\t\t<\/div>\n\t\t<div class=\"elementor-element elementor-element-a4eba17 e-con-full e-flex e-con e-child\" data-id=\"a4eba17\" data-element_type=\"container\" data-e-type=\"container\" data-settings=\"{&quot;animation&quot;:&quot;none&quot;,&quot;jet_parallax_layout_list&quot;:[]}\">\n\t\t\t\t<div class=\"elementor-element elementor-element-b5b1dff elementor-widget elementor-widget-heading\" data-id=\"b5b1dff\" data-element_type=\"widget\" data-e-type=\"widget\" data-widget_type=\"heading.default\">\n\t\t\t\t<div class=\"elementor-widget-container\">\n\t\t\t\t\t<h2 class=\"elementor-heading-title elementor-size-default\">Tourisme et ch\u00e2teau de Valkenburg<\/h2>\t\t\t\t<\/div>\n\t\t\t\t<\/div>\n\t\t\t\t<div class=\"elementor-element elementor-element-1970841 elementor-widget elementor-widget-text-editor\" data-id=\"1970841\" data-element_type=\"widget\" data-e-type=\"widget\" data-widget_type=\"text-editor.default\">\n\t\t\t\t<div class=\"elementor-widget-container\">\n\t\t\t\t\t\t\t\t\tValkenburg est une destination touristique populaire, principalement en raison de son charme historique, de sa beaut\u00e9 naturelle et de la pr\u00e9sence d'anciens ch\u00e2teaux et grottes. C'est l'une des plus anciennes destinations touristiques des Pays-Bas, connue pour ses rues pittoresques, son paysage vallonn\u00e9 et ses attractions culturelles. Le ch\u00e2teau de Valkenburg est l'une des rares ruines de ch\u00e2teau qui subsistent aux Pays-Bas et constitue un patrimoine symbolique de la r\u00e9gion. \u00c0 MergelRijk, on peut voir quelques attractions touristiques sous forme d'art marneux, comme une miniature du ch\u00e2teau de Valkenburg, la gare de Valkenburg et la tour Wilhelmina. \t\t\t\t\t\t\t\t<\/div>\n\t\t\t\t<\/div>\n\t\t\t\t<\/div>\n\t\t\t\t\t<\/div>\n\t\t\t\t<\/div>\n\t\t<div class=\"elementor-element elementor-element-fed5d9d e-flex e-con-boxed e-con e-parent\" data-id=\"fed5d9d\" data-element_type=\"container\" data-e-type=\"container\" data-settings=\"{&quot;background_background&quot;:&quot;classic&quot;,&quot;jet_parallax_layout_list&quot;:[]}\">\n\t\t\t\t\t<div class=\"e-con-inner\">\n\t\t<div class=\"elementor-element elementor-element-4fbe894 e-con-full e-flex e-con e-child\" data-id=\"4fbe894\" data-element_type=\"container\" data-e-type=\"container\" data-settings=\"{&quot;animation&quot;:&quot;none&quot;,&quot;jet_parallax_layout_list&quot;:[]}\">\n\t\t<div class=\"elementor-element elementor-element-4ade49f e-con-full e-flex e-con e-child\" data-id=\"4ade49f\" data-element_type=\"container\" data-e-type=\"container\" data-settings=\"{&quot;background_background&quot;:&quot;classic&quot;,&quot;animation&quot;:&quot;none&quot;,&quot;jet_parallax_layout_list&quot;:[]}\">\n\t\t\t\t<div class=\"elementor-element elementor-element-c46a3d4 elementor-widget elementor-widget-image\" data-id=\"c46a3d4\" data-element_type=\"widget\" data-e-type=\"widget\" data-widget_type=\"image.default\">\n\t\t\t\t<div class=\"elementor-widget-container\">\n\t\t\t\t\t\t\t\t\t\t\t\t\t\t\t<img loading=\"lazy\" decoding=\"async\" width=\"1200\" height=\"800\" src=\"https:\/\/mergelrijk.nl\/wp-content\/uploads\/2025\/02\/xWebsite-Portrettengalerij.jpg\" class=\"attachment-full size-full wp-image-757\" alt=\"\" srcset=\"https:\/\/mergelrijk.nl\/wp-content\/uploads\/2025\/02\/xWebsite-Portrettengalerij.jpg 1200w, https:\/\/mergelrijk.nl\/wp-content\/uploads\/2025\/02\/xWebsite-Portrettengalerij-300x200.jpg 300w, https:\/\/mergelrijk.nl\/wp-content\/uploads\/2025\/02\/xWebsite-Portrettengalerij-1024x683.jpg 1024w, https:\/\/mergelrijk.nl\/wp-content\/uploads\/2025\/02\/xWebsite-Portrettengalerij-768x512.jpg 768w, https:\/\/mergelrijk.nl\/wp-content\/uploads\/2025\/02\/xWebsite-Portrettengalerij-18x12.jpg 18w\" sizes=\"(max-width: 1200px) 100vw, 1200px\" title=\"\">\t\t\t\t\t\t\t\t\t\t\t\t\t\t\t<\/div>\n\t\t\t\t<\/div>\n\t\t\t\t<\/div>\n\t\t\t\t<\/div>\n\t\t<div class=\"elementor-element elementor-element-6867190 e-con-full e-flex e-con e-child\" data-id=\"6867190\" data-element_type=\"container\" data-e-type=\"container\" data-settings=\"{&quot;animation&quot;:&quot;none&quot;,&quot;jet_parallax_layout_list&quot;:[]}\">\n\t\t\t\t<div class=\"elementor-element elementor-element-e610109 elementor-widget elementor-widget-heading\" data-id=\"e610109\" data-element_type=\"widget\" data-e-type=\"widget\" data-widget_type=\"heading.default\">\n\t\t\t\t<div class=\"elementor-widget-container\">\n\t\t\t\t\t<h2 class=\"elementor-heading-title elementor-size-default\">Galerie de portraits<\/h2>\t\t\t\t<\/div>\n\t\t\t\t<\/div>\n\t\t\t\t<div class=\"elementor-element elementor-element-63622fd elementor-widget elementor-widget-text-editor\" data-id=\"63622fd\" data-element_type=\"widget\" data-e-type=\"widget\" data-widget_type=\"text-editor.default\">\n\t\t\t\t<div class=\"elementor-widget-container\">\n\t\t\t\t\t\t\t\t\t<p>La galerie de portraits Jan Kruysen est une galerie situ\u00e9e dans la grotte de MergelRijk qui pr\u00e9sente une extraordinaire collection de portraits r\u00e9alis\u00e9s par l'artiste n\u00e9erlandais Jan Kruysen en 1924.<\/p><p>Jan Kruysen est un artiste connu pour ses portraits r\u00e9alistes et sa capacit\u00e9 \u00e0 saisir l'expression humaine de mani\u00e8re tr\u00e8s d\u00e9taill\u00e9e et vivante. Les portraits ont \u00e9t\u00e9 r\u00e9alis\u00e9s selon les m\u00e9thodes caract\u00e9ristiques de la peinture dans les grottes de marne, \u00e0 savoir avec du charbon de bois directement sur la paroi de marne. Jan Kruysen ne s'est pas content\u00e9 de capturer les traits ext\u00e9rieurs des personnes, il a \u00e9galement exprim\u00e9 leur monde int\u00e9rieur le plus profond. A voir absolument !<\/p>\t\t\t\t\t\t\t\t<\/div>\n\t\t\t\t<\/div>\n\t\t\t\t<\/div>\n\t\t\t\t\t<\/div>\n\t\t\t\t<\/div>\n\t\t<div class=\"elementor-element elementor-element-46c56e3 e-flex e-con-boxed e-con e-parent\" data-id=\"46c56e3\" data-element_type=\"container\" data-e-type=\"container\" data-settings=\"{&quot;jet_parallax_layout_list&quot;:[]}\">\n\t\t\t\t\t<div class=\"e-con-inner\">\n\t\t<div class=\"elementor-element elementor-element-ef69b9a e-con-full e-flex e-con e-child\" data-id=\"ef69b9a\" data-element_type=\"container\" data-e-type=\"container\" data-settings=\"{&quot;animation&quot;:&quot;none&quot;,&quot;jet_parallax_layout_list&quot;:[]}\">\n\t\t<div class=\"elementor-element elementor-element-740ce9b e-con-full e-flex e-con e-child\" data-id=\"740ce9b\" data-element_type=\"container\" data-e-type=\"container\" data-settings=\"{&quot;background_background&quot;:&quot;classic&quot;,&quot;animation&quot;:&quot;none&quot;,&quot;jet_parallax_layout_list&quot;:[]}\">\n\t\t\t\t<div class=\"elementor-element elementor-element-d06186e elementor-widget elementor-widget-image\" data-id=\"d06186e\" data-element_type=\"widget\" data-e-type=\"widget\" data-widget_type=\"image.default\">\n\t\t\t\t<div class=\"elementor-widget-container\">\n\t\t\t\t\t\t\t\t\t\t\t\t\t\t\t<img loading=\"lazy\" decoding=\"async\" width=\"1200\" height=\"800\" src=\"https:\/\/mergelrijk.nl\/wp-content\/uploads\/2025\/02\/xWebsite-3D-Grotschilderingen.jpg\" class=\"attachment-full size-full wp-image-758\" alt=\"Grottes de marne Limbourg | MergelRijk Valkenburg\" srcset=\"https:\/\/mergelrijk.nl\/wp-content\/uploads\/2025\/02\/xWebsite-3D-Grotschilderingen.jpg 1200w, https:\/\/mergelrijk.nl\/wp-content\/uploads\/2025\/02\/xWebsite-3D-Grotschilderingen-300x200.jpg 300w, https:\/\/mergelrijk.nl\/wp-content\/uploads\/2025\/02\/xWebsite-3D-Grotschilderingen-1024x683.jpg 1024w, https:\/\/mergelrijk.nl\/wp-content\/uploads\/2025\/02\/xWebsite-3D-Grotschilderingen-768x512.jpg 768w, https:\/\/mergelrijk.nl\/wp-content\/uploads\/2025\/02\/xWebsite-3D-Grotschilderingen-18x12.jpg 18w\" sizes=\"(max-width: 1200px) 100vw, 1200px\" title=\"\">\t\t\t\t\t\t\t\t\t\t\t\t\t\t\t<\/div>\n\t\t\t\t<\/div>\n\t\t\t\t<\/div>\n\t\t\t\t<\/div>\n\t\t<div class=\"elementor-element elementor-element-0e2d381 e-con-full e-flex e-con e-child\" data-id=\"0e2d381\" data-element_type=\"container\" data-e-type=\"container\" data-settings=\"{&quot;animation&quot;:&quot;none&quot;,&quot;jet_parallax_layout_list&quot;:[]}\">\n\t\t\t\t<div class=\"elementor-element elementor-element-4928012 elementor-widget elementor-widget-heading\" data-id=\"4928012\" data-element_type=\"widget\" data-e-type=\"widget\" data-widget_type=\"heading.default\">\n\t\t\t\t<div class=\"elementor-widget-container\">\n\t\t\t\t\t<h2 class=\"elementor-heading-title elementor-size-default\">Peintures rupestres en 3D<\/h2>\t\t\t\t<\/div>\n\t\t\t\t<\/div>\n\t\t\t\t<div class=\"elementor-element elementor-element-1ace34b elementor-widget elementor-widget-text-editor\" data-id=\"1ace34b\" data-element_type=\"widget\" data-e-type=\"widget\" data-widget_type=\"text-editor.default\">\n\t\t\t\t<div class=\"elementor-widget-container\">\n\t\t\t\t\t\t\t\t\tIl y a plus de 25 000 ans, les hommes cr\u00e9aient d\u00e9j\u00e0 des peintures rupestres. MergelRijk a perp\u00e9tu\u00e9 cette tradition de mani\u00e8re contemporaine en am\u00e9nageant une grande salle avec de spectaculaires peintures rupestres en 3D. Auparavant, cela n'\u00e9tait pas possible de cette mani\u00e8re, car l'effet 3D ne peut \u00eatre observ\u00e9 qu'\u00e0 travers l'objectif d'une cam\u00e9ra. Les peintures color\u00e9es ont \u00e9t\u00e9 r\u00e9alis\u00e9es sur les murs, le plafond et le sol par les meilleurs artistes d'art 3D au monde.\n\nLes peintures en 3D sont sp\u00e9cialement con\u00e7ues pour que l'on puisse prendre des photos avec elles. N'oubliez donc pas de garder votre appareil photo ou votre smartphone \u00e0 port\u00e9e de main et cr\u00e9ez les meilleurs souvenirs de votre visite des grottes de marne de Valkenburg !\t\t\t\t\t\t\t\t<\/div>\n\t\t\t\t<\/div>\n\t\t\t\t<\/div>\n\t\t\t\t\t<\/div>\n\t\t\t\t<\/div>\n\t\t\t\t<\/div>","protected":false},"excerpt":{"rendered":"<p>De leukste tocht door de mergelgrotten met audiotour voor volwassenen en een speurtocht voor kinderen Grotwandeling met audiotour Iedereen krijgt een eigen audiotour mee, waarmee je door een ervaren gids meegenomen wordt op je route door de grot. De gids geeft je onderweg op een leuke manier allerlei informatie en maakt je wegwijs door het [&hellip;]<\/p>\n","protected":false},"author":1,"featured_media":0,"parent":0,"menu_order":0,"comment_status":"closed","ping_status":"closed","template":"elementor_header_footer","meta":{"footnotes":""},"class_list":["post-738","page","type-page","status-publish","hentry"],"_links":{"self":[{"href":"https:\/\/mergelrijk.nl\/fr\/wp-json\/wp\/v2\/pages\/738","targetHints":{"allow":["GET"]}}],"collection":[{"href":"https:\/\/mergelrijk.nl\/fr\/wp-json\/wp\/v2\/pages"}],"about":[{"href":"https:\/\/mergelrijk.nl\/fr\/wp-json\/wp\/v2\/types\/page"}],"author":[{"embeddable":true,"href":"https:\/\/mergelrijk.nl\/fr\/wp-json\/wp\/v2\/users\/1"}],"replies":[{"embeddable":true,"href":"https:\/\/mergelrijk.nl\/fr\/wp-json\/wp\/v2\/comments?post=738"}],"version-history":[{"count":62,"href":"https:\/\/mergelrijk.nl\/fr\/wp-json\/wp\/v2\/pages\/738\/revisions"}],"predecessor-version":[{"id":1112,"href":"https:\/\/mergelrijk.nl\/fr\/wp-json\/wp\/v2\/pages\/738\/revisions\/1112"}],"wp:attachment":[{"href":"https:\/\/mergelrijk.nl\/fr\/wp-json\/wp\/v2\/media?parent=738"}],"curies":[{"name":"wp","href":"https:\/\/api.w.org\/{rel}","templated":true}]}}